{"id":241,"date":"2013-09-19T08:17:26","date_gmt":"2013-09-19T08:17:26","guid":{"rendered":"http:\/\/www.apador.org\/seamus\/?page_id=241"},"modified":"2015-12-15T19:33:12","modified_gmt":"2015-12-15T19:33:12","slug":"apador-ch-site-map","status":"publish","type":"page","link":"https:\/\/apador.org\/en\/apador-ch-site-map\/","title":{"rendered":"APADOR CH Site Map"},"content":{"rendered":"<p><div class=\"fa-slideshow fa_slider_simple default no-content no-primary-nav\" style=\"margin-top:0px; margin-bottom:0px;margin-left:auto; margin-right: auto;font-size:70%;\" id=\"fa-slider-2180\" data-auto_slide=\"1\" data-slide_duration=\"7\" data-effect_duration=\"0.7\" data-click_stop=\"1\" data-cycle=\"1\" data-distance_in=\"500\" data-distance_out=\"0\" data-position_in=\"left\" data-position_out=\"right\" data-event=\"click\" data-effect=\"\" data-width=\"637\" data-height=\"355\" data-height_resize=\"\" data-fullwidth=\"\" data-font_size=\"70\" data-is_mobile=\"\" data-theme_opt_show_timer=\"1\" data-theme_opt_auto_resize=\"\">\r\n\t\t<div class=\"fa_slide \" style=\"\">\r\n\t\t\r\n\t\t<div class=\"fa_slide_content\">\t\r\n\t\t\t<h2><a href=\"https:\/\/apador.org\/en\/vaccinarea-anti-covid-se-intoarce-si-ne-inteapa-pe-toti\/\" title=\"Vaccinarea anti-COVID se \u00eentoarce \u0219i ne \u00een\u021beap\u0103 pe to\u021bi\" target=\"_self\">Vaccinarea anti-COVID se \u00eentoarce \u0219i ne \u00een\u021beap\u0103 pe to\u021bi<\/a><\/h2>\t\t\t\t\t\t\t\t\t\t\t<\/div>\r\n\t\t<div class=\"fa_image\"><div class=\"fa-image-container\" ><img loading=\"lazy\" decoding=\"async\" class=\"fa_slide_image main-image\" src=\"https:\/\/apador.org\/wp-content\/uploads\/2026\/04\/600-milioane-1030x1030.png\" width=\"1030\" height=\"1030\" data-width=\"1030\" data-height=\"1030\" style=\"\" alt=\"\" \/><\/div><\/div>\t\t\t\r\n\t\t\t\r\n\t<\/div>\t\r\n\t\t<div class=\"fa_slide \" style=\"\">\r\n\t\t\r\n\t\t<div class=\"fa_slide_content\">\t\r\n\t\t\t<h2><a href=\"https:\/\/apador.org\/en\/ce-vrem-de-la-viitoarea-lege-anti-slapp-sa-si-muste-nu-doar-sa-latre\/\" title=\"Ce vrem de la viitoarea Lege Anti SLAPP: s\u0103 \u0219i mu\u0219te, nu doar s\u0103 latre\" target=\"_self\">Ce vrem de la viitoarea Lege Anti SLAPP: s\u0103 \u0219i mu\u0219te, nu doar s\u0103 latre<\/a><\/h2>\t\t\t\t\t\t\t\t\t\t\t<\/div>\r\n\t\t<div class=\"fa_image\"><div class=\"fa-image-container\" ><img loading=\"lazy\" decoding=\"async\" class=\"fa_slide_image main-image\" src=\"https:\/\/apador.org\/wp-content\/uploads\/2024\/11\/anti-slapp-1030x515.png\" width=\"1030\" height=\"515\" data-width=\"1030\" data-height=\"515\" style=\"\" alt=\"\" \/><\/div><\/div>\t\t\t\r\n\t\t\t\r\n\t<\/div>\t\r\n\t\t<div class=\"fa_slide \" style=\"\">\r\n\t\t\r\n\t\t<div class=\"fa_slide_content\">\t\r\n\t\t\t<h2><a href=\"https:\/\/apador.org\/en\/premierul-promite-transparenta-la-tv-guvernul-o-refuza-in-instanta\/\" title=\"Premierul promite transparen\u021b\u0103 la TV, Guvernul o refuz\u0103 \u00een instan\u021b\u0103\" target=\"_self\">Premierul promite transparen\u021b\u0103 la TV, Guvernul o refuz\u0103 \u00een instan\u021b\u0103<\/a><\/h2>\t\t\t\t\t\t\t\t\t\t\t<\/div>\r\n\t\t<div class=\"fa_image\"><div class=\"fa-image-container\" ><img loading=\"lazy\" decoding=\"async\" class=\"fa_slide_image main-image\" src=\"https:\/\/apador.org\/wp-content\/uploads\/2025\/08\/transparenta-ajutoare.jpg\" width=\"686\" height=\"562\" data-width=\"686\" data-height=\"562\" style=\"\" alt=\"\" \/><\/div><\/div>\t\t\t\r\n\t\t\t\r\n\t<\/div>\t\r\n\t\t<div class=\"fa_slide \" style=\"\">\r\n\t\t\r\n\t\t<div class=\"fa_slide_content\">\t\r\n\t\t\t<h2><a href=\"https:\/\/apador.org\/en\/statul-de-drept-in-ue-continua-sa-se-deterioreze-la-fel-si-in-romania\/\" title=\"Statul de drept \u00een UE continu\u0103 s\u0103 se deterioreze, la fel \u0219i \u00een Rom\u00e2nia\" target=\"_self\">Statul de drept \u00een UE continu\u0103 s\u0103 se deterioreze, la fel \u0219i \u00een Rom\u00e2nia<\/a><\/h2>\t\t\t\t\t\t\t\t\t\t\t<\/div>\r\n\t\t<div class=\"fa_image\"><div class=\"fa-image-container\" ><img loading=\"lazy\" decoding=\"async\" class=\"fa_slide_image main-image\" src=\"https:\/\/apador.org\/wp-content\/uploads\/2026\/03\/Mailjet_619x228px.png\" width=\"619\" height=\"228\" data-width=\"619\" data-height=\"228\" style=\"\" alt=\"\" \/><\/div><\/div>\t\t\t\r\n\t\t\t\r\n\t<\/div>\t\r\n\t\t<div class=\"fa_slide \" style=\"\">\r\n\t\t\r\n\t\t<div class=\"fa_slide_content\">\t\r\n\t\t\t<h2><a href=\"https:\/\/apador.org\/en\/cerem-un-referendum-pentru-umbrela-nucleara-frantuzeasca\/\" title=\"Cerem un referendum pentru \u201eumbrela nuclear\u0103\u201d fran\u021buzeasc\u0103\" target=\"_self\">Cerem un referendum pentru \u201eumbrela nuclear\u0103\u201d fran\u021buzeasc\u0103<\/a><\/h2>\t\t\t\t\t\t\t\t\t\t\t<\/div>\r\n\t\t<div class=\"fa_image\"><div class=\"fa-image-container\" ><img loading=\"lazy\" decoding=\"async\" class=\"fa_slide_image main-image\" src=\"https:\/\/apador.org\/wp-content\/uploads\/2026\/03\/nucleara.jpg\" width=\"1000\" height=\"667\" data-width=\"1000\" data-height=\"667\" style=\"\" alt=\"\" \/><\/div><\/div>\t\t\t\r\n\t\t\t\r\n\t<\/div>\t\r\n\t\t\t\t<div class=\"go-forward\"><\/div>\r\n\t\t<div class=\"go-back\"><\/div>\r\n\t\t\t\t\r\n\t<div class=\"progress-bar\"><!-- slider progress bar --><\/div>\r\n\t\t\r\n<\/div><\/p>","protected":false},"excerpt":{"rendered":"<p>Sorry, this entry is only available in Rom\u00e2n\u0103. For the sake of viewer convenience, the content is shown below in the alternative language. You may click the link to switch the active language. Home Activit\u0103\u021bi Monitorizarea conditiilor de detentie Asisten\u021b\u0103 CEDO\u00a0 Consultan\u021b\u0103 Reprezentare Advocacy Legislativ Studii \u0219i publica\u021bii Respectarea drepturilor omului Proiecte Proiecte \u00een derulare [&hellip;]<\/p>\n","protected":false},"author":2,"featured_media":0,"parent":0,"menu_order":0,"comment_status":"closed","ping_status":"open","template":"","meta":{"footnotes":""},"class_list":["post-241","page","type-page","status-publish","hentry"],"_links":{"self":[{"href":"https:\/\/apador.org\/en\/wp-json\/wp\/v2\/pages\/241","targetHints":{"allow":["GET"]}}],"collection":[{"href":"https:\/\/apador.org\/en\/wp-json\/wp\/v2\/pages"}],"about":[{"href":"https:\/\/apador.org\/en\/wp-json\/wp\/v2\/types\/page"}],"author":[{"embeddable":true,"href":"https:\/\/apador.org\/en\/wp-json\/wp\/v2\/users\/2"}],"replies":[{"embeddable":true,"href":"https:\/\/apador.org\/en\/wp-json\/wp\/v2\/comments?post=241"}],"version-history":[{"count":0,"href":"https:\/\/apador.org\/en\/wp-json\/wp\/v2\/pages\/241\/revisions"}],"wp:attachment":[{"href":"https:\/\/apador.org\/en\/wp-json\/wp\/v2\/media?parent=241"}],"curies":[{"name":"wp","href":"https:\/\/api.w.org\/{rel}","templated":true}]}}