{"id":5306,"date":"2016-07-27T14:37:06","date_gmt":"2016-07-27T14:37:06","guid":{"rendered":"http:\/\/www.apador.org\/?page_id=5306"},"modified":"2020-08-06T19:16:13","modified_gmt":"2020-08-06T17:16:13","slug":"rapoarte-speciale","status":"publish","type":"page","link":"https:\/\/apador.org\/en\/rapoarte-speciale\/","title":{"rendered":"Special reports"},"content":{"rendered":"<p class=\"qtranxs-available-languages-message qtranxs-available-languages-message-en\">Sorry, this entry is only available in <a href=\"https:\/\/apador.org\/ro\/wp-json\/wp\/v2\/pages\/5306\" class=\"qtranxs-available-language-link qtranxs-available-language-link-ro\" title=\"Rom\u00e2n\u0103\">Rom\u00e2n\u0103<\/a>. For the sake of viewer convenience, the content is shown below in the alternative language. You may click the link to switch the active language.<\/p><section class=\"av_textblock_section \"  itemscope=\"itemscope\" itemtype=\"https:\/\/schema.org\/CreativeWork\" ><div class='avia_textblock  '   itemprop=\"text\" ><\/div><\/section>\n<div class=\"flex_column av_one_full  flex_column_div av-zero-column-padding first  avia-builder-el-1  el_after_av_textblock  avia-builder-el-last  column-top-margin\" style='border-radius:0px; '><div  class='av-alb-blogposts template-blog  av-blog-meta-author-disabled av-blog-meta-comments-disabled av-blog-meta-category-disabled av-blog-meta-html-info-disabled av-blog-meta-tag-disabled '  itemscope=\"itemscope\" itemtype=\"https:\/\/schema.org\/Blog\" ><article class='post-entry post-entry-type-standard post-entry-11443 post-loop-1 post-parity-odd bloglist-excerpt with-slider post-11443 post type-post status-publish format-standard has-post-thumbnail hentry category-resurse-utile category-speciale tag-carta-drepturilor-cjue tag-intrebari-preliminare-cjue'  itemscope=\"itemscope\" itemtype=\"https:\/\/schema.org\/BlogPosting\" ><div class='blog-meta'><\/div><div class='entry-content-wrapper clearfix standard-content'><header class=\"entry-content-header\"><h2 class='post-title entry-title '  itemprop=\"headline\" >\t<a href='https:\/\/apador.org\/en\/procedura-intrebarilor-preliminare-catre-curtea-de-justitie-a-uniunii-europene-in-practica-judiciara-din-romania-aplicare-si-provocari\/' rel='bookmark' title='Permanent Link: Procedura \u00eentreb\u0103rilor preliminare c\u0103tre Curtea de Justi\u021bie a Uniunii Europene \u00een practica judiciar\u0103 din Rom\u00e2nia \u2013 Aplicare \u0219i provoc\u0103ri'>Procedura \u00eentreb\u0103rilor preliminare c\u0103tre Curtea de Justi\u021bie a Uniunii Europene \u00een practica judiciar\u0103 din Rom\u00e2nia \u2013 Aplicare \u0219i provoc\u0103ri\t\t\t<span class='post-format-icon minor-meta'><\/span>\t<\/a><\/h2><span class='post-meta-infos'><time class='date-container minor-meta updated' >21\/01\/2025<\/time><span class='text-sep text-sep-date'>\/<\/span><span class=\"blog-categories minor-meta\">in <a href=\"https:\/\/apador.org\/en\/category\/drepturi-civile\/resurse-utile\/\" rel=\"tag\">Resurse Utile<\/a>, <a href=\"https:\/\/apador.org\/en\/category\/rapoarte\/speciale\/\" rel=\"tag\">Speciale<\/a> <\/span><span class=\"text-sep text-sep-cat\">\/<\/span><span class=\"blog-author minor-meta\">by <span class=\"entry-author-link\"  itemprop=\"author\" ><span class=\"author\"><span class=\"fn\"><a href=\"https:\/\/apador.org\/en\/author\/dollo\/\" title=\"Posts by Rasista\" rel=\"author\">Rasista<\/a><\/span><\/span><\/span><\/span><\/span><\/header><p>Cercetare realizat\u0103 de APADOR-CH \u00een cadrul proiectului \u201eCarta UE \u00een sprijinul spa\u021biului civic din Rom\u00e2nia\u201d \u00een care un num\u0103r de avoca\u021bi \u0219i judec\u0103tori \u0219i-au spus p\u0103rerile despre procedura transmiterii de \u00eentreb\u0103ri preliminare la CJUE \u0219i modul \u00een care aceast\u0103 procedur\u0103 func\u021bioneaz\u0103 \u00een practica juridic\u0103 rom\u00e2neasc\u0103.<\/p>\n<div class=\"read-more-link\"><a href=\"https:\/\/apador.org\/en\/procedura-intrebarilor-preliminare-catre-curtea-de-justitie-a-uniunii-europene-in-practica-judiciara-din-romania-aplicare-si-provocari\/\" class=\"more-link\">Read more<span class=\"more-link-arrow\"><\/span><\/a><\/div><footer class=\"entry-footer\"><\/footer><div class='post_delimiter'><\/div><\/div><div class='post_author_timeline'><\/div><span class='hidden'>\n\t\t\t\t<span class='av-structured-data'  itemprop=\"image\" itemscope=\"itemscope\" itemtype=\"https:\/\/schema.org\/ImageObject\" >\n\t\t\t\t\t\t<span itemprop='url'>https:\/\/apador.org\/wp-content\/uploads\/2025\/01\/intrebari-preliminare-trimise-de-Romania.jpg<\/span>\n\t\t\t\t\t\t<span itemprop='height'>335<\/span>\n\t\t\t\t\t\t<span itemprop='width'>574<\/span>\n\t\t\t\t<\/span>\n\t\t\t\t<span class='av-structured-data'  itemprop=\"publisher\" itemtype=\"https:\/\/schema.org\/Organization\" itemscope=\"itemscope\" >\n\t\t\t\t\t\t<span itemprop='name'>Rasista<\/span>\n\t\t\t\t\t\t<span itemprop='logo' itemscope itemtype='https:\/\/schema.org\/ImageObject'>\n\t\t\t\t\t\t\t<span itemprop='url'>https:\/\/apador.org\/wp-content\/uploads\/2020\/09\/apador-logo-tmp-300x159.png<\/span>\n\t\t\t\t\t\t <\/span>\n\t\t\t\t<\/span><span class='av-structured-data'  itemprop=\"author\" itemscope=\"itemscope\" itemtype=\"https:\/\/schema.org\/Person\" ><span itemprop='name'>Rasista<\/span><\/span><span class='av-structured-data'  itemprop=\"datePublished\" datetime=\"2025-01-21T16:00:10+00:00\" >2025-01-21 16:00:10<\/span><span class='av-structured-data'  itemprop=\"dateModified\" itemtype=\"https:\/\/schema.org\/dateModified\" >2025-01-27 10:57:47<\/span><span class='av-structured-data'  itemprop=\"mainEntityOfPage\" itemtype=\"https:\/\/schema.org\/mainEntityOfPage\" ><span itemprop='name'>Procedura \u00eentreb\u0103rilor preliminare c\u0103tre Curtea de Justi\u021bie a Uniunii Europene \u00een practica judiciar\u0103 din Rom\u00e2nia \u2013 Aplicare \u0219i provoc\u0103ri<\/span><\/span><\/span><\/article><article class='post-entry post-entry-type-standard post-entry-10978 post-loop-2 post-parity-even bloglist-excerpt with-slider post-10978 post type-post status-publish format-standard has-post-thumbnail hentry category-buna-guvernare category-comunicate category-slider category-speciale tag-liberties tag-raport-stat-de-drept-2023 tag-raport-stat-de-drept-2024 tag-stat-de-drept'  itemscope=\"itemscope\" itemtype=\"https:\/\/schema.org\/BlogPosting\" ><div class='blog-meta'><\/div><div class='entry-content-wrapper clearfix standard-content'><header class=\"entry-content-header\"><h2 class='post-title entry-title '  itemprop=\"headline\" >\t<a href='https:\/\/apador.org\/en\/statul-de-drept-in-romania-a-mai-murit-cate-putin-si-in-2023\/' rel='bookmark' title='Permanent Link: Statul de drept \u00een Rom\u00e2nia a mai murit c\u00e2te pu\u021bin \u0219i \u00een 2023'>Statul de drept \u00een Rom\u00e2nia a mai murit c\u00e2te pu\u021bin \u0219i \u00een 2023\t\t\t<span class='post-format-icon minor-meta'><\/span>\t<\/a><\/h2><span class='post-meta-infos'><time class='date-container minor-meta updated' >18\/03\/2024<\/time><span class='text-sep text-sep-date'>\/<\/span><span class=\"blog-categories minor-meta\">in <a href=\"https:\/\/apador.org\/en\/category\/advocacy-legislativ\/buna-guvernare\/\" rel=\"tag\">Buna guvernare<\/a>, <a href=\"https:\/\/apador.org\/en\/category\/media\/comunicate\/\" rel=\"tag\">Comunicate<\/a>, <a href=\"https:\/\/apador.org\/en\/category\/slider\/\" rel=\"tag\">Slider<\/a>, <a href=\"https:\/\/apador.org\/en\/category\/rapoarte\/speciale\/\" rel=\"tag\">Speciale<\/a> <\/span><span class=\"text-sep text-sep-cat\">\/<\/span><span class=\"blog-author minor-meta\">by <span class=\"entry-author-link\"  itemprop=\"author\" ><span class=\"author\"><span class=\"fn\"><a href=\"https:\/\/apador.org\/en\/author\/dollo\/\" title=\"Posts by Rasista\" rel=\"author\">Rasista<\/a><\/span><\/span><\/span><\/span><\/span><\/header><p>Aceasta este contribu\u021bia APADOR-CH la Raportul privind statul de drept transmis Comisiei Europene: Drept de vot cu voie de la SRI \u0219i sub supravegherea tehnic\u0103 a STS; \u00cenchisoare pentru fapte care nu exist\u0103, prescrieri la foc automat, condamn\u0103ri la moarte pentru ONG-uri \u201eobraznice\u201d; Pres\u0103 cump\u0103rat\u0103 de partide cu bani publici, jurnali\u0219ti intimida\u021bi \u0219i denigra\u021bi chiar de c\u0103tre organele statului care ar fi trebuit s\u0103-i apere; Secrete preziden\u021biale pe bani mul\u021bi, torturi \u0219i tratamente inumane pentru b\u0103tr\u00e2nii cu bani pu\u021bini<\/p>\n<div class=\"read-more-link\"><a href=\"https:\/\/apador.org\/en\/statul-de-drept-in-romania-a-mai-murit-cate-putin-si-in-2023\/\" class=\"more-link\">Read more<span class=\"more-link-arrow\"><\/span><\/a><\/div><footer class=\"entry-footer\"><\/footer><div class='post_delimiter'><\/div><\/div><div class='post_author_timeline'><\/div><span class='hidden'>\n\t\t\t\t<span class='av-structured-data'  itemprop=\"image\" itemscope=\"itemscope\" itemtype=\"https:\/\/schema.org\/ImageObject\" >\n\t\t\t\t\t\t<span itemprop='url'>https:\/\/apador.org\/wp-content\/uploads\/2024\/03\/coperta-raport-stat-de-drept.jpg<\/span>\n\t\t\t\t\t\t<span itemprop='height'>563<\/span>\n\t\t\t\t\t\t<span itemprop='width'>1000<\/span>\n\t\t\t\t<\/span>\n\t\t\t\t<span class='av-structured-data'  itemprop=\"publisher\" itemtype=\"https:\/\/schema.org\/Organization\" itemscope=\"itemscope\" >\n\t\t\t\t\t\t<span itemprop='name'>Rasista<\/span>\n\t\t\t\t\t\t<span itemprop='logo' itemscope itemtype='https:\/\/schema.org\/ImageObject'>\n\t\t\t\t\t\t\t<span itemprop='url'>https:\/\/apador.org\/wp-content\/uploads\/2020\/09\/apador-logo-tmp-300x159.png<\/span>\n\t\t\t\t\t\t <\/span>\n\t\t\t\t<\/span><span class='av-structured-data'  itemprop=\"author\" itemscope=\"itemscope\" itemtype=\"https:\/\/schema.org\/Person\" ><span itemprop='name'>Rasista<\/span><\/span><span class='av-structured-data'  itemprop=\"datePublished\" datetime=\"2024-03-18T05:21:50+00:00\" >2024-03-18 05:21:50<\/span><span class='av-structured-data'  itemprop=\"dateModified\" itemtype=\"https:\/\/schema.org\/dateModified\" >2024-07-25 13:03:22<\/span><span class='av-structured-data'  itemprop=\"mainEntityOfPage\" itemtype=\"https:\/\/schema.org\/mainEntityOfPage\" ><span itemprop='name'>Statul de drept \u00een Rom\u00e2nia a mai murit c\u00e2te pu\u021bin \u0219i \u00een 2023<\/span><\/span><\/span><\/article><article class='post-entry post-entry-type-standard post-entry-10562 post-loop-3 post-parity-odd bloglist-excerpt with-slider post-10562 post type-post status-publish format-standard has-post-thumbnail hentry category-buna-guvernare category-slider category-speciale tag-apador-ch tag-comisia-europeana tag-intimidarea-jurnalistilor tag-justitie tag-legile-justitiei tag-libertatea-presei tag-perceptia-publicului-asupra-justitiei tag-raport-stat-de-drept-2023 tag-stat-de-drept-2023'  itemscope=\"itemscope\" itemtype=\"https:\/\/schema.org\/BlogPosting\" ><div class='blog-meta'><\/div><div class='entry-content-wrapper clearfix standard-content'><header class=\"entry-content-header\"><h2 class='post-title entry-title '  itemprop=\"headline\" >\t<a href='https:\/\/apador.org\/en\/statul-de-drept-in-romania-guvernul-a-sabotat-democratia-si-in-2022\/' rel='bookmark' title='Permanent Link: Statul de drept \u00een Rom\u00e2nia &#8211; Guvernul a sabotat democra\u021bia \u0219i \u00een 2022'>Statul de drept \u00een Rom\u00e2nia &#8211; Guvernul a sabotat democra\u021bia \u0219i \u00een 2022\t\t\t<span class='post-format-icon minor-meta'><\/span>\t<\/a><\/h2><span class='post-meta-infos'><time class='date-container minor-meta updated' >17\/02\/2023<\/time><span class='text-sep text-sep-date'>\/<\/span><span class=\"blog-categories minor-meta\">in <a href=\"https:\/\/apador.org\/en\/category\/advocacy-legislativ\/buna-guvernare\/\" rel=\"tag\">Buna guvernare<\/a>, <a href=\"https:\/\/apador.org\/en\/category\/slider\/\" rel=\"tag\">Slider<\/a>, <a href=\"https:\/\/apador.org\/en\/category\/rapoarte\/speciale\/\" rel=\"tag\">Speciale<\/a> <\/span><span class=\"text-sep text-sep-cat\">\/<\/span><span class=\"blog-author minor-meta\">by <span class=\"entry-author-link\"  itemprop=\"author\" ><span class=\"author\"><span class=\"fn\"><a href=\"https:\/\/apador.org\/en\/author\/dollo\/\" title=\"Posts by Rasista\" rel=\"author\">Rasista<\/a><\/span><\/span><\/span><\/span><\/span><\/header><p>Mai multe aspecte ce \u021bin de func\u021bionarea normal\u0103 a unui stat de drept pe parcursul anului 2022 au fost analizate \u0219i transmise de APADOR-CH Comisiei Europene \u00een cadrul exerci\u021biului de consultare public\u0103 a societ\u0103\u021bii civile. Aspectele sunt cuprinse \u0219i \u00een Raportul Liberties 2023, un audit ce reune\u0219te informa\u021bii transmise de 45 de organiza\u021bii neguvernamentale din 18 \u021b\u0103ri<\/p>\n<div class=\"read-more-link\"><a href=\"https:\/\/apador.org\/en\/statul-de-drept-in-romania-guvernul-a-sabotat-democratia-si-in-2022\/\" class=\"more-link\">Read more<span class=\"more-link-arrow\"><\/span><\/a><\/div><footer class=\"entry-footer\"><\/footer><div class='post_delimiter'><\/div><\/div><div class='post_author_timeline'><\/div><span class='hidden'>\n\t\t\t\t<span class='av-structured-data'  itemprop=\"image\" itemscope=\"itemscope\" itemtype=\"https:\/\/schema.org\/ImageObject\" >\n\t\t\t\t\t\t<span itemprop='url'>https:\/\/apador.org\/wp-content\/uploads\/2023\/02\/stat-de-drept-2022.jpg<\/span>\n\t\t\t\t\t\t<span itemprop='height'>321<\/span>\n\t\t\t\t\t\t<span itemprop='width'>612<\/span>\n\t\t\t\t<\/span>\n\t\t\t\t<span class='av-structured-data'  itemprop=\"publisher\" itemtype=\"https:\/\/schema.org\/Organization\" itemscope=\"itemscope\" >\n\t\t\t\t\t\t<span itemprop='name'>Rasista<\/span>\n\t\t\t\t\t\t<span itemprop='logo' itemscope itemtype='https:\/\/schema.org\/ImageObject'>\n\t\t\t\t\t\t\t<span itemprop='url'>https:\/\/apador.org\/wp-content\/uploads\/2020\/09\/apador-logo-tmp-300x159.png<\/span>\n\t\t\t\t\t\t <\/span>\n\t\t\t\t<\/span><span class='av-structured-data'  itemprop=\"author\" itemscope=\"itemscope\" itemtype=\"https:\/\/schema.org\/Person\" ><span itemprop='name'>Rasista<\/span><\/span><span class='av-structured-data'  itemprop=\"datePublished\" datetime=\"2023-02-17T11:18:41+00:00\" >2023-02-17 11:18:41<\/span><span class='av-structured-data'  itemprop=\"dateModified\" itemtype=\"https:\/\/schema.org\/dateModified\" >2023-04-27 11:14:02<\/span><span class='av-structured-data'  itemprop=\"mainEntityOfPage\" itemtype=\"https:\/\/schema.org\/mainEntityOfPage\" ><span itemprop='name'>Statul de drept \u00een Rom\u00e2nia &#8211; Guvernul a sabotat democra\u021bia \u0219i \u00een 2022<\/span><\/span><\/span><\/article><article class='post-entry post-entry-type-standard post-entry-10311 post-loop-4 post-parity-even bloglist-excerpt with-slider post-10311 post type-post status-publish format-standard has-post-thumbnail hentry category-articole category-speciale tag-administratia-nationala-a-penitenciarelor tag-bataie-politie tag-detinuti tag-drepturi-procedurale tag-equality-data tag-penitenciare-romania tag-studiu-perceptie-drepturi-detinuti'  itemscope=\"itemscope\" itemtype=\"https:\/\/schema.org\/BlogPosting\" ><div class='blog-meta'><\/div><div class='entry-content-wrapper clearfix standard-content'><header class=\"entry-content-header\"><h2 class='post-title entry-title '  itemprop=\"headline\" >\t<a href='https:\/\/apador.org\/en\/respectarea-drepturilor-procedurale-ale-suspectilor-si-inculpatilor-din-perspectiva-acestora\/' rel='bookmark' title='Permanent Link: The respect for procedural rights of suspects and defendants from their perspective'>The respect for procedural rights of suspects and defendants from their perspective\t\t\t<span class='post-format-icon minor-meta'><\/span>\t<\/a><\/h2><span class='post-meta-infos'><time class='date-container minor-meta updated' >30\/09\/2022<\/time><span class='text-sep text-sep-date'>\/<\/span><span class=\"blog-categories minor-meta\">in <a href=\"https:\/\/apador.org\/en\/category\/articole\/\" rel=\"tag\">Articole<\/a>, <a href=\"https:\/\/apador.org\/en\/category\/rapoarte\/speciale\/\" rel=\"tag\">Speciale<\/a> <\/span><span class=\"text-sep text-sep-cat\">\/<\/span><span class=\"blog-author minor-meta\">by <span class=\"entry-author-link\"  itemprop=\"author\" ><span class=\"author\"><span class=\"fn\"><a href=\"https:\/\/apador.org\/en\/author\/dollo\/\" title=\"Posts by Rasista\" rel=\"author\">Rasista<\/a><\/span><\/span><\/span><\/span><\/span><\/header><p>How people deprived of liberty perceived the interaction with the justice system, the respect of procedural rights in theory and practice &#8211; the results of the first quantitative study carried out in Romania, by APADOR-CH, by interviewing 1000 prisoners from 28 penitentiaries<\/p>\n<div class=\"read-more-link\"><a href=\"https:\/\/apador.org\/en\/respectarea-drepturilor-procedurale-ale-suspectilor-si-inculpatilor-din-perspectiva-acestora\/\" class=\"more-link\">Read more<span class=\"more-link-arrow\"><\/span><\/a><\/div><footer class=\"entry-footer\"><\/footer><div class='post_delimiter'><\/div><\/div><div class='post_author_timeline'><\/div><span class='hidden'>\n\t\t\t\t<span class='av-structured-data'  itemprop=\"image\" itemscope=\"itemscope\" itemtype=\"https:\/\/schema.org\/ImageObject\" >\n\t\t\t\t\t\t<span itemprop='url'>https:\/\/apador.org\/wp-content\/uploads\/2022\/09\/cover.jpg<\/span>\n\t\t\t\t\t\t<span itemprop='height'>453<\/span>\n\t\t\t\t\t\t<span itemprop='width'>789<\/span>\n\t\t\t\t<\/span>\n\t\t\t\t<span class='av-structured-data'  itemprop=\"publisher\" itemtype=\"https:\/\/schema.org\/Organization\" itemscope=\"itemscope\" >\n\t\t\t\t\t\t<span itemprop='name'>Rasista<\/span>\n\t\t\t\t\t\t<span itemprop='logo' itemscope itemtype='https:\/\/schema.org\/ImageObject'>\n\t\t\t\t\t\t\t<span itemprop='url'>https:\/\/apador.org\/wp-content\/uploads\/2020\/09\/apador-logo-tmp-300x159.png<\/span>\n\t\t\t\t\t\t <\/span>\n\t\t\t\t<\/span><span class='av-structured-data'  itemprop=\"author\" itemscope=\"itemscope\" itemtype=\"https:\/\/schema.org\/Person\" ><span itemprop='name'>Rasista<\/span><\/span><span class='av-structured-data'  itemprop=\"datePublished\" datetime=\"2022-09-30T10:37:38+00:00\" >2022-09-30 10:37:38<\/span><span class='av-structured-data'  itemprop=\"dateModified\" itemtype=\"https:\/\/schema.org\/dateModified\" >2022-09-29 20:16:31<\/span><span class='av-structured-data'  itemprop=\"mainEntityOfPage\" itemtype=\"https:\/\/schema.org\/mainEntityOfPage\" ><span itemprop='name'>The respect for procedural rights of suspects and defendants from their perspective<\/span><\/span><\/span><\/article><article class='post-entry post-entry-type-standard post-entry-10012 post-loop-5 post-parity-odd bloglist-excerpt with-slider post-10012 post type-post status-publish format-standard has-post-thumbnail hentry category-buna-guvernare category-speciale tag-liberties tag-raport-stat-de-drept-2022 tag-rule-of-law'  itemscope=\"itemscope\" itemtype=\"https:\/\/schema.org\/BlogPosting\" ><div class='blog-meta'><\/div><div class='entry-content-wrapper clearfix standard-content'><header class=\"entry-content-header\"><h2 class='post-title entry-title '  itemprop=\"headline\" >\t<a href='https:\/\/apador.org\/en\/europa-a-continuat-sa-deraieze-de-la-protectia-drepturilor-civile-in-2021\/' rel='bookmark' title='Permanent Link: Europa a continuat s\u0103 deraieze de la protec\u021bia drepturilor civile \u00een 2021'>Europa a continuat s\u0103 deraieze de la protec\u021bia drepturilor civile \u00een 2021\t\t\t<span class='post-format-icon minor-meta'><\/span>\t<\/a><\/h2><span class='post-meta-infos'><time class='date-container minor-meta updated' >15\/02\/2022<\/time><span class='text-sep text-sep-date'>\/<\/span><span class=\"blog-categories minor-meta\">in <a href=\"https:\/\/apador.org\/en\/category\/advocacy-legislativ\/buna-guvernare\/\" rel=\"tag\">Buna guvernare<\/a>, <a href=\"https:\/\/apador.org\/en\/category\/rapoarte\/speciale\/\" rel=\"tag\">Speciale<\/a> <\/span><span class=\"text-sep text-sep-cat\">\/<\/span><span class=\"blog-author minor-meta\">by <span class=\"entry-author-link\"  itemprop=\"author\" ><span class=\"author\"><span class=\"fn\"><a href=\"https:\/\/apador.org\/en\/author\/dollo\/\" title=\"Posts by Rasista\" rel=\"author\">Rasista<\/a><\/span><\/span><\/span><\/span><\/span><\/header><p>Raportul Liberties 2022, privind statul de drept \u0219i respectarea drepturilor civile \u00een UE \u00een al doilea an al pandemiei, a fost publicat ast\u0103zi la Berlin \u0219i \u00eenaintat Comisiei Europene<\/p>\n<div class=\"read-more-link\"><a href=\"https:\/\/apador.org\/en\/europa-a-continuat-sa-deraieze-de-la-protectia-drepturilor-civile-in-2021\/\" class=\"more-link\">Read more<span class=\"more-link-arrow\"><\/span><\/a><\/div><footer class=\"entry-footer\"><\/footer><div class='post_delimiter'><\/div><\/div><div class='post_author_timeline'><\/div><span class='hidden'>\n\t\t\t\t<span class='av-structured-data'  itemprop=\"image\" itemscope=\"itemscope\" itemtype=\"https:\/\/schema.org\/ImageObject\" >\n\t\t\t\t\t\t<span itemprop='url'>https:\/\/apador.org\/wp-content\/uploads\/2022\/02\/raport-liberties2022.jpg<\/span>\n\t\t\t\t\t\t<span itemprop='height'>517<\/span>\n\t\t\t\t\t\t<span itemprop='width'>1000<\/span>\n\t\t\t\t<\/span>\n\t\t\t\t<span class='av-structured-data'  itemprop=\"publisher\" itemtype=\"https:\/\/schema.org\/Organization\" itemscope=\"itemscope\" >\n\t\t\t\t\t\t<span itemprop='name'>Rasista<\/span>\n\t\t\t\t\t\t<span itemprop='logo' itemscope itemtype='https:\/\/schema.org\/ImageObject'>\n\t\t\t\t\t\t\t<span itemprop='url'>https:\/\/apador.org\/wp-content\/uploads\/2020\/09\/apador-logo-tmp-300x159.png<\/span>\n\t\t\t\t\t\t <\/span>\n\t\t\t\t<\/span><span class='av-structured-data'  itemprop=\"author\" itemscope=\"itemscope\" itemtype=\"https:\/\/schema.org\/Person\" ><span itemprop='name'>Rasista<\/span><\/span><span class='av-structured-data'  itemprop=\"datePublished\" datetime=\"2022-02-15T14:23:47+00:00\" >2022-02-15 14:23:47<\/span><span class='av-structured-data'  itemprop=\"dateModified\" itemtype=\"https:\/\/schema.org\/dateModified\" >2022-02-15 16:08:24<\/span><span class='av-structured-data'  itemprop=\"mainEntityOfPage\" itemtype=\"https:\/\/schema.org\/mainEntityOfPage\" ><span itemprop='name'>Europa a continuat s\u0103 deraieze de la protec\u021bia drepturilor civile \u00een 2021<\/span><\/span><\/span><\/article><article class='post-entry post-entry-type-standard post-entry-9841 post-loop-6 post-parity-even bloglist-excerpt with-slider post-9841 post type-post status-publish format-standard has-post-thumbnail hentry category-speciale tag-avertizori-de-integritate tag-raport-privind-statutul-avertizorilor'  itemscope=\"itemscope\" itemtype=\"https:\/\/schema.org\/BlogPosting\" ><div class='blog-meta'><\/div><div class='entry-content-wrapper clearfix standard-content'><header class=\"entry-content-header\"><h2 class='post-title entry-title '  itemprop=\"headline\" >\t<a href='https:\/\/apador.org\/en\/statutul-avertizorului-de-integritate-in-romania\/' rel='bookmark' title='Permanent Link: Statutul avertizorului de integritate \u00een Rom\u00e2nia'>Statutul avertizorului de integritate \u00een Rom\u00e2nia\t\t\t<span class='post-format-icon minor-meta'><\/span>\t<\/a><\/h2><span class='post-meta-infos'><time class='date-container minor-meta updated' >11\/10\/2021<\/time><span class='text-sep text-sep-date'>\/<\/span><span class=\"blog-categories minor-meta\">in <a href=\"https:\/\/apador.org\/en\/category\/rapoarte\/speciale\/\" rel=\"tag\">Speciale<\/a> <\/span><span class=\"text-sep text-sep-cat\">\/<\/span><span class=\"blog-author minor-meta\">by <span class=\"entry-author-link\"  itemprop=\"author\" ><span class=\"author\"><span class=\"fn\"><a href=\"https:\/\/apador.org\/en\/author\/dollo\/\" title=\"Posts by Rasista\" rel=\"author\">Rasista<\/a><\/span><\/span><\/span><\/span><\/span><\/header><p>Raport de cercetare calitativ\u0103 privind avertizarea de integritate\u00a0 \u00een Rom\u00e2nia \u0219i statutul avertizorului.\u00a0 \u00a0<\/p>\n<div class=\"read-more-link\"><a href=\"https:\/\/apador.org\/en\/statutul-avertizorului-de-integritate-in-romania\/\" class=\"more-link\">Read more<span class=\"more-link-arrow\"><\/span><\/a><\/div><footer class=\"entry-footer\"><\/footer><div class='post_delimiter'><\/div><\/div><div class='post_author_timeline'><\/div><span class='hidden'>\n\t\t\t\t<span class='av-structured-data'  itemprop=\"image\" itemscope=\"itemscope\" itemtype=\"https:\/\/schema.org\/ImageObject\" >\n\t\t\t\t\t\t<span itemprop='url'>https:\/\/apador.org\/wp-content\/uploads\/2021\/03\/sigla.jpg<\/span>\n\t\t\t\t\t\t<span itemprop='height'>308<\/span>\n\t\t\t\t\t\t<span itemprop='width'>600<\/span>\n\t\t\t\t<\/span>\n\t\t\t\t<span class='av-structured-data'  itemprop=\"publisher\" itemtype=\"https:\/\/schema.org\/Organization\" itemscope=\"itemscope\" >\n\t\t\t\t\t\t<span itemprop='name'>Rasista<\/span>\n\t\t\t\t\t\t<span itemprop='logo' itemscope itemtype='https:\/\/schema.org\/ImageObject'>\n\t\t\t\t\t\t\t<span itemprop='url'>https:\/\/apador.org\/wp-content\/uploads\/2020\/09\/apador-logo-tmp-300x159.png<\/span>\n\t\t\t\t\t\t <\/span>\n\t\t\t\t<\/span><span class='av-structured-data'  itemprop=\"author\" itemscope=\"itemscope\" itemtype=\"https:\/\/schema.org\/Person\" ><span itemprop='name'>Rasista<\/span><\/span><span class='av-structured-data'  itemprop=\"datePublished\" datetime=\"2021-10-11T11:45:01+00:00\" >2021-10-11 11:45:01<\/span><span class='av-structured-data'  itemprop=\"dateModified\" itemtype=\"https:\/\/schema.org\/dateModified\" >2021-10-11 12:44:51<\/span><span class='av-structured-data'  itemprop=\"mainEntityOfPage\" itemtype=\"https:\/\/schema.org\/mainEntityOfPage\" ><span itemprop='name'>Statutul avertizorului de integritate \u00een Rom\u00e2nia<\/span><\/span><\/span><\/article><article class='post-entry post-entry-type-standard post-entry-7787 post-loop-7 post-parity-odd bloglist-excerpt with-slider post-7787 post type-post status-publish format-standard has-post-thumbnail hentry category-buna-guvernare category-speciale tag-romania tag-rule-of-law'  itemscope=\"itemscope\" itemtype=\"https:\/\/schema.org\/BlogPosting\" ><div class='blog-meta'><\/div><div class='entry-content-wrapper clearfix standard-content'><header class=\"entry-content-header\"><h2 class='post-title entry-title '  itemprop=\"headline\" >\t<a href='https:\/\/apador.org\/en\/a-response-to-the-european-commission-consultation-on-rule-of-law-in-the-eu\/' rel='bookmark' title='Permanent Link: A Response to the European Commission Consultation on Rule of Law in the EU'>A Response to the European Commission Consultation on Rule of Law in the EU\t\t\t<span class='post-format-icon minor-meta'><\/span>\t<\/a><\/h2><span class='post-meta-infos'><time class='date-container minor-meta updated' >11\/05\/2020<\/time><span class='text-sep text-sep-date'>\/<\/span><span class=\"blog-categories minor-meta\">in <a href=\"https:\/\/apador.org\/en\/category\/advocacy-legislativ\/buna-guvernare\/\" rel=\"tag\">Buna guvernare<\/a>, <a href=\"https:\/\/apador.org\/en\/category\/rapoarte\/speciale\/\" rel=\"tag\">Speciale<\/a> <\/span><span class=\"text-sep text-sep-cat\">\/<\/span><span class=\"blog-author minor-meta\">by <span class=\"entry-author-link\"  itemprop=\"author\" ><span class=\"author\"><span class=\"fn\"><a href=\"https:\/\/apador.org\/en\/author\/dollo\/\" title=\"Posts by Rasista\" rel=\"author\">Rasista<\/a><\/span><\/span><\/span><\/span><\/span><\/header><p>This contribution is a response to the European Commission\u2019s consultation feed into its first Annual Rule of Law Report.<\/p>\n<div class=\"read-more-link\"><a href=\"https:\/\/apador.org\/en\/a-response-to-the-european-commission-consultation-on-rule-of-law-in-the-eu\/\" class=\"more-link\">Read more<span class=\"more-link-arrow\"><\/span><\/a><\/div><footer class=\"entry-footer\"><\/footer><div class='post_delimiter'><\/div><\/div><div class='post_author_timeline'><\/div><span class='hidden'>\n\t\t\t\t<span class='av-structured-data'  itemprop=\"image\" itemscope=\"itemscope\" itemtype=\"https:\/\/schema.org\/ImageObject\" >\n\t\t\t\t\t\t<span itemprop='url'>https:\/\/apador.org\/wp-content\/uploads\/2018\/12\/guvernul-romaniei.jpg<\/span>\n\t\t\t\t\t\t<span itemprop='height'>501<\/span>\n\t\t\t\t\t\t<span itemprop='width'>810<\/span>\n\t\t\t\t<\/span>\n\t\t\t\t<span class='av-structured-data'  itemprop=\"publisher\" itemtype=\"https:\/\/schema.org\/Organization\" itemscope=\"itemscope\" >\n\t\t\t\t\t\t<span itemprop='name'>Rasista<\/span>\n\t\t\t\t\t\t<span itemprop='logo' itemscope itemtype='https:\/\/schema.org\/ImageObject'>\n\t\t\t\t\t\t\t<span itemprop='url'>https:\/\/apador.org\/wp-content\/uploads\/2020\/09\/apador-logo-tmp-300x159.png<\/span>\n\t\t\t\t\t\t <\/span>\n\t\t\t\t<\/span><span class='av-structured-data'  itemprop=\"author\" itemscope=\"itemscope\" itemtype=\"https:\/\/schema.org\/Person\" ><span itemprop='name'>Rasista<\/span><\/span><span class='av-structured-data'  itemprop=\"datePublished\" datetime=\"2020-05-11T16:31:24+00:00\" >2020-05-11 16:31:24<\/span><span class='av-structured-data'  itemprop=\"dateModified\" itemtype=\"https:\/\/schema.org\/dateModified\" >2021-02-12 09:52:28<\/span><span class='av-structured-data'  itemprop=\"mainEntityOfPage\" itemtype=\"https:\/\/schema.org\/mainEntityOfPage\" ><span itemprop='name'>A Response to the European Commission Consultation on Rule of Law in the EU<\/span><\/span><\/span><\/article><article class='post-entry post-entry-type-standard post-entry-6820 post-loop-8 post-parity-even bloglist-excerpt with-slider post-6820 post type-post status-publish format-standard has-post-thumbnail hentry category-monitorizarea-conditiilor-de-detentie-aresturi category-comunicate category-executarea-hotararilor-cedo category-monitorizarea-conditiilor-de-detentie category-monitorizarea-conditiilor-de-detentie-penitenciare category-speciale tag-aresturi tag-asistenta-medicala-detinuti tag-conditii-arest tag-conditii-de-detentie tag-detinuti tag-penitenciare'  itemscope=\"itemscope\" itemtype=\"https:\/\/schema.org\/BlogPosting\" ><div class='blog-meta'><\/div><div class='entry-content-wrapper clearfix standard-content'><header class=\"entry-content-header\"><h2 class='post-title entry-title '  itemprop=\"headline\" >\t<a href='https:\/\/apador.org\/en\/cum-rezolva-romania-supraaglomerarea-din-penitenciare-la-doi-ani-dupa-condamnarea-la-cedo\/' rel='bookmark' title='Permanent Link: Analysis of the implementation of the infrastructure measures of the action plan pertaining to the ECHR judgement in the case REZMIVE\u0218 and others v. ROMANIA'>Analysis of the implementation of the infrastructure measures of the action plan pertaining to the ECHR judgement in the case REZMIVE\u0218 and others v. ROMANIA\t\t\t<span class='post-format-icon minor-meta'><\/span>\t<\/a><\/h2><span class='post-meta-infos'><time class='date-container minor-meta updated' >26\/06\/2019<\/time><span class='text-sep text-sep-date'>\/<\/span><span class=\"blog-categories minor-meta\">in <a href=\"https:\/\/apador.org\/en\/category\/monitorizarea-conditiilor-de-detentie\/monitorizarea-conditiilor-de-detentie-aresturi\/\" rel=\"tag\">Aresturi<\/a>, <a href=\"https:\/\/apador.org\/en\/category\/media\/comunicate\/\" rel=\"tag\">Comunicate<\/a>, <a href=\"https:\/\/apador.org\/en\/category\/asistenta-cedo\/executarea-hotararilor-cedo\/\" rel=\"tag\"><\/a>, <a href=\"https:\/\/apador.org\/en\/category\/monitorizarea-conditiilor-de-detentie\/\" rel=\"tag\">Monitorizare condi\u021biilor de deten\u021bie<\/a>, <a href=\"https:\/\/apador.org\/en\/category\/monitorizarea-conditiilor-de-detentie\/monitorizarea-conditiilor-de-detentie-penitenciare\/\" rel=\"tag\">Penitenciare<\/a>, <a href=\"https:\/\/apador.org\/en\/category\/rapoarte\/speciale\/\" rel=\"tag\">Speciale<\/a> <\/span><span class=\"text-sep text-sep-cat\">\/<\/span><span class=\"blog-author minor-meta\">by <span class=\"entry-author-link\"  itemprop=\"author\" ><span class=\"author\"><span class=\"fn\"><a href=\"https:\/\/apador.org\/en\/author\/dollo\/\" title=\"Posts by Rasista\" rel=\"author\">Rasista<\/a><\/span><\/span><\/span><\/span><\/span><\/header><p>In the penitentiary system, despite the important releases of the past two years, the overcrowding continues to exceed the detention capacity. Investments in the modernization of existing premises or in creating new ones are at this moment lacking taking into consideration its necessary amplitude in order to see a considerable improvement.<\/p>\n<div class=\"read-more-link\"><a href=\"https:\/\/apador.org\/en\/cum-rezolva-romania-supraaglomerarea-din-penitenciare-la-doi-ani-dupa-condamnarea-la-cedo\/\" class=\"more-link\">Read more<span class=\"more-link-arrow\"><\/span><\/a><\/div><footer class=\"entry-footer\"><\/footer><div class='post_delimiter'><\/div><\/div><div class='post_author_timeline'><\/div><span class='hidden'>\n\t\t\t\t<span class='av-structured-data'  itemprop=\"image\" itemscope=\"itemscope\" itemtype=\"https:\/\/schema.org\/ImageObject\" >\n\t\t\t\t\t\t<span itemprop='url'>https:\/\/apador.org\/wp-content\/uploads\/2013\/07\/pen.jpg<\/span>\n\t\t\t\t\t\t<span itemprop='height'>350<\/span>\n\t\t\t\t\t\t<span itemprop='width'>650<\/span>\n\t\t\t\t<\/span>\n\t\t\t\t<span class='av-structured-data'  itemprop=\"publisher\" itemtype=\"https:\/\/schema.org\/Organization\" itemscope=\"itemscope\" >\n\t\t\t\t\t\t<span itemprop='name'>Rasista<\/span>\n\t\t\t\t\t\t<span itemprop='logo' itemscope itemtype='https:\/\/schema.org\/ImageObject'>\n\t\t\t\t\t\t\t<span itemprop='url'>https:\/\/apador.org\/wp-content\/uploads\/2020\/09\/apador-logo-tmp-300x159.png<\/span>\n\t\t\t\t\t\t <\/span>\n\t\t\t\t<\/span><span class='av-structured-data'  itemprop=\"author\" itemscope=\"itemscope\" itemtype=\"https:\/\/schema.org\/Person\" ><span itemprop='name'>Rasista<\/span><\/span><span class='av-structured-data'  itemprop=\"datePublished\" datetime=\"2019-06-26T09:00:31+00:00\" >2019-06-26 09:00:31<\/span><span class='av-structured-data'  itemprop=\"dateModified\" itemtype=\"https:\/\/schema.org\/dateModified\" >2020-06-11 09:26:51<\/span><span class='av-structured-data'  itemprop=\"mainEntityOfPage\" itemtype=\"https:\/\/schema.org\/mainEntityOfPage\" ><span itemprop='name'>Analysis of the implementation of the infrastructure measures of the action plan pertaining to the ECHR judgement in the case REZMIVE\u0218 and others v. ROMANIA<\/span><\/span><\/span><\/article><article class='post-entry post-entry-type-standard post-entry-6322 post-loop-9 post-parity-odd bloglist-excerpt with-slider post-6322 post type-post status-publish format-standard has-post-thumbnail hentry category-comunicate category-speciale tag-apador-ch tag-beyond-surrender tag-extradare tag-mandatul-european-de-arestare tag-predare'  itemscope=\"itemscope\" itemtype=\"https:\/\/schema.org\/BlogPosting\" ><div class='blog-meta'><\/div><div class='entry-content-wrapper clearfix standard-content'><header class=\"entry-content-header\"><h2 class='post-title entry-title '  itemprop=\"headline\" >\t<a href='https:\/\/apador.org\/en\/mandatul-european-de-arestare-disfunctionalitati-si-birocratie\/' rel='bookmark' title='Permanent Link: Implementation of the European Arrest Warrant: dysfunctionalities and bureaucracy'>Implementation of the European Arrest Warrant: dysfunctionalities and bureaucracy\t\t\t<span class='post-format-icon minor-meta'><\/span>\t<\/a><\/h2><span class='post-meta-infos'><time class='date-container minor-meta updated' >25\/06\/2018<\/time><span class='text-sep text-sep-date'>\/<\/span><span class=\"blog-categories minor-meta\">in <a href=\"https:\/\/apador.org\/en\/category\/media\/comunicate\/\" rel=\"tag\">Comunicate<\/a>, <a href=\"https:\/\/apador.org\/en\/category\/rapoarte\/speciale\/\" rel=\"tag\">Speciale<\/a> <\/span><span class=\"text-sep text-sep-cat\">\/<\/span><span class=\"blog-author minor-meta\">by <span class=\"entry-author-link\"  itemprop=\"author\" ><span class=\"author\"><span class=\"fn\"><a href=\"https:\/\/apador.org\/en\/author\/dollo\/\" title=\"Posts by Rasista\" rel=\"author\">Rasista<\/a><\/span><\/span><\/span><\/span><\/span><\/header><p>Raportul APADOR-CH privind implementarea Mandatului European de Arestare &#8211; interviuri cu peste 20 de de\u021binu\u021bi din patru penitenciare din \u021bar\u0103<\/p>\n<div class=\"read-more-link\"><a href=\"https:\/\/apador.org\/en\/mandatul-european-de-arestare-disfunctionalitati-si-birocratie\/\" class=\"more-link\">Read more<span class=\"more-link-arrow\"><\/span><\/a><\/div><footer class=\"entry-footer\"><\/footer><div class='post_delimiter'><\/div><\/div><div class='post_author_timeline'><\/div><span class='hidden'>\n\t\t\t\t<span class='av-structured-data'  itemprop=\"image\" itemscope=\"itemscope\" itemtype=\"https:\/\/schema.org\/ImageObject\" >\n\t\t\t\t\t\t<span itemprop='url'>https:\/\/apador.org\/wp-content\/uploads\/2017\/03\/toate-sigle-mic1.jpg<\/span>\n\t\t\t\t\t\t<span itemprop='height'>229<\/span>\n\t\t\t\t\t\t<span itemprop='width'>800<\/span>\n\t\t\t\t<\/span>\n\t\t\t\t<span class='av-structured-data'  itemprop=\"publisher\" itemtype=\"https:\/\/schema.org\/Organization\" itemscope=\"itemscope\" >\n\t\t\t\t\t\t<span itemprop='name'>Rasista<\/span>\n\t\t\t\t\t\t<span itemprop='logo' itemscope itemtype='https:\/\/schema.org\/ImageObject'>\n\t\t\t\t\t\t\t<span itemprop='url'>https:\/\/apador.org\/wp-content\/uploads\/2020\/09\/apador-logo-tmp-300x159.png<\/span>\n\t\t\t\t\t\t <\/span>\n\t\t\t\t<\/span><span class='av-structured-data'  itemprop=\"author\" itemscope=\"itemscope\" itemtype=\"https:\/\/schema.org\/Person\" ><span itemprop='name'>Rasista<\/span><\/span><span class='av-structured-data'  itemprop=\"datePublished\" datetime=\"2018-06-25T12:37:03+00:00\" >2018-06-25 12:37:03<\/span><span class='av-structured-data'  itemprop=\"dateModified\" itemtype=\"https:\/\/schema.org\/dateModified\" >2018-08-28 16:12:21<\/span><span class='av-structured-data'  itemprop=\"mainEntityOfPage\" itemtype=\"https:\/\/schema.org\/mainEntityOfPage\" ><span itemprop='name'>Implementation of the European Arrest Warrant: dysfunctionalities and bureaucracy<\/span><\/span><\/span><\/article><article class='post-entry post-entry-type-standard post-entry-5662 post-loop-10 post-parity-even post-entry-last bloglist-excerpt with-slider post-5662 post type-post status-publish format-standard has-post-thumbnail hentry category-finalizate category-speciale tag-apador-ch tag-arestare tag-conducere-la-sectie tag-drepturile-arestatilor tag-in-custodia-politiei tag-police-custody tag-retinere'  itemscope=\"itemscope\" itemtype=\"https:\/\/schema.org\/BlogPosting\" ><div class='blog-meta'><\/div><div class='entry-content-wrapper clearfix standard-content'><header class=\"entry-content-header\"><h2 class='post-title entry-title '  itemprop=\"headline\" >\t<a href='https:\/\/apador.org\/en\/in-custodia-politiei\/' rel='bookmark' title='Permanent Link: Inside Police Custody: Application of EU Procedural Rights'>Inside Police Custody: Application of EU Procedural Rights\t\t\t<span class='post-format-icon minor-meta'><\/span>\t<\/a><\/h2><span class='post-meta-infos'><time class='date-container minor-meta updated' >27\/03\/2017<\/time><span class='text-sep text-sep-date'>\/<\/span><span class=\"blog-categories minor-meta\">in <a href=\"https:\/\/apador.org\/en\/category\/proiecte-2\/finalizate\/\" rel=\"tag\">Finalizate<\/a>, <a href=\"https:\/\/apador.org\/en\/category\/rapoarte\/speciale\/\" rel=\"tag\">Speciale<\/a> <\/span><span class=\"text-sep text-sep-cat\">\/<\/span><span class=\"blog-author minor-meta\">by <span class=\"entry-author-link\"  itemprop=\"author\" ><span class=\"author\"><span class=\"fn\"><a href=\"https:\/\/apador.org\/en\/author\/dollo\/\" title=\"Posts by Rasista\" rel=\"author\">Rasista<\/a><\/span><\/span><\/span><\/span><\/span><\/header><p>Aplicarea directivelor UE privind drepturile procedurale \u00een cadrul procesului penal &#8211; cercetare \u00een 9 \u021b\u0103ri europene printre care \u0219i Rom\u00e2nia<\/p>\n<div class=\"read-more-link\"><a href=\"https:\/\/apador.org\/en\/in-custodia-politiei\/\" class=\"more-link\">Read more<span class=\"more-link-arrow\"><\/span><\/a><\/div><footer class=\"entry-footer\"><\/footer><div class='post_delimiter'><\/div><\/div><div class='post_author_timeline'><\/div><span class='hidden'>\n\t\t\t\t<span class='av-structured-data'  itemprop=\"image\" itemscope=\"itemscope\" itemtype=\"https:\/\/schema.org\/ImageObject\" >\n\t\t\t\t\t\t<span itemprop='url'>https:\/\/apador.org\/wp-content\/uploads\/2017\/03\/toate-sigle-mic.jpg<\/span>\n\t\t\t\t\t\t<span itemprop='height'>141<\/span>\n\t\t\t\t\t\t<span itemprop='width'>600<\/span>\n\t\t\t\t<\/span>\n\t\t\t\t<span class='av-structured-data'  itemprop=\"publisher\" itemtype=\"https:\/\/schema.org\/Organization\" itemscope=\"itemscope\" >\n\t\t\t\t\t\t<span itemprop='name'>Rasista<\/span>\n\t\t\t\t\t\t<span itemprop='logo' itemscope itemtype='https:\/\/schema.org\/ImageObject'>\n\t\t\t\t\t\t\t<span itemprop='url'>https:\/\/apador.org\/wp-content\/uploads\/2020\/09\/apador-logo-tmp-300x159.png<\/span>\n\t\t\t\t\t\t <\/span>\n\t\t\t\t<\/span><span class='av-structured-data'  itemprop=\"author\" itemscope=\"itemscope\" itemtype=\"https:\/\/schema.org\/Person\" ><span itemprop='name'>Rasista<\/span><\/span><span class='av-structured-data'  itemprop=\"datePublished\" datetime=\"2017-03-27T08:30:55+00:00\" >2017-03-27 08:30:55<\/span><span class='av-structured-data'  itemprop=\"dateModified\" itemtype=\"https:\/\/schema.org\/dateModified\" >2019-02-15 16:22:17<\/span><span class='av-structured-data'  itemprop=\"mainEntityOfPage\" itemtype=\"https:\/\/schema.org\/mainEntityOfPage\" ><span itemprop='name'>Inside Police Custody: Application of EU Procedural Rights<\/span><\/span><\/span><\/article><div class='bloglist-excerpt'><nav class='pagination'><span class='pagination-meta'>Page 1 of 3<\/span><span class='current'>1<\/span><a href='https:\/\/apador.org\/en\/wp-json\/wp\/v2\/pages\/5306\/page\/2\/' class='inactive next_page' >2<\/a><a href='https:\/\/apador.org\/en\/wp-json\/wp\/v2\/pages\/5306\/page\/3\/' class='inactive' >3<\/a><\/nav>\n<\/div><\/div><\/div>","protected":false},"excerpt":{"rendered":"<p>Sorry, this entry is only available in Rom\u00e2n\u0103. For the sake of viewer convenience, the content is shown below in the alternative language. You may click the link to switch the active language.<\/p>\n","protected":false},"author":2,"featured_media":0,"parent":0,"menu_order":0,"comment_status":"closed","ping_status":"open","template":"","meta":{"footnotes":""},"class_list":["post-5306","page","type-page","status-publish","hentry"],"_links":{"self":[{"href":"https:\/\/apador.org\/en\/wp-json\/wp\/v2\/pages\/5306","targetHints":{"allow":["GET"]}}],"collection":[{"href":"https:\/\/apador.org\/en\/wp-json\/wp\/v2\/pages"}],"about":[{"href":"https:\/\/apador.org\/en\/wp-json\/wp\/v2\/types\/page"}],"author":[{"embeddable":true,"href":"https:\/\/apador.org\/en\/wp-json\/wp\/v2\/users\/2"}],"replies":[{"embeddable":true,"href":"https:\/\/apador.org\/en\/wp-json\/wp\/v2\/comments?post=5306"}],"version-history":[{"count":0,"href":"https:\/\/apador.org\/en\/wp-json\/wp\/v2\/pages\/5306\/revisions"}],"wp:attachment":[{"href":"https:\/\/apador.org\/en\/wp-json\/wp\/v2\/media?parent=5306"}],"curies":[{"name":"wp","href":"https:\/\/api.w.org\/{rel}","templated":true}]}}