{"id":6743,"date":"2019-05-27T20:32:26","date_gmt":"2019-05-27T18:32:26","guid":{"rendered":"http:\/\/www.apador.org\/?page_id=6743"},"modified":"2020-08-06T18:54:08","modified_gmt":"2020-08-06T16:54:08","slug":"procese-castigate-la-cedo","status":"publish","type":"page","link":"https:\/\/apador.org\/en\/procese-castigate-la-cedo\/","title":{"rendered":"Procese c\u00e2\u0219tigate la CEDO"},"content":{"rendered":"<p class=\"qtranxs-available-languages-message qtranxs-available-languages-message-en\">Sorry, this entry is only available in <a href=\"https:\/\/apador.org\/ro\/wp-json\/wp\/v2\/pages\/6743\" class=\"qtranxs-available-language-link qtranxs-available-language-link-ro\" title=\"Rom\u00e2n\u0103\">Rom\u00e2n\u0103<\/a>. For the sake of viewer convenience, the content is shown below in the alternative language. You may click the link to switch the active language.<\/p><section class=\"av_textblock_section \"  itemscope=\"itemscope\" itemtype=\"https:\/\/schema.org\/CreativeWork\" ><div class='avia_textblock  '   itemprop=\"text\" ><\/div><\/section>\n<div class=\"flex_column av_one_full  flex_column_div av-zero-column-padding first  avia-builder-el-1  el_after_av_textblock  avia-builder-el-last  column-top-margin\" style='border-radius:0px; '><div   data-autoplay=''  data-interval='5'  data-animation='fade'  data-show_slide_delay='90'  class='avia-content-slider avia-content-grid-active avia-content-slider1 avia-content-slider-odd  avia-builder-el-2  avia-builder-el-no-sibling  '  itemscope=\"itemscope\" itemtype=\"https:\/\/schema.org\/Blog\" ><div class='avia-content-slider-inner'><div class='slide-entry-wrap'><article class='slide-entry flex_column  post-entry post-entry-10136 slide-entry-overview slide-loop-1 slide-parity-odd  av_one_third first real-thumbnail post-format-standard'  itemscope=\"itemscope\" itemtype=\"https:\/\/schema.org\/CreativeWork\" ><a href='https:\/\/apador.org\/en\/romania-condamnata-la-cedo-pentru-incalcarea-libertatii-de-exprimare-manifestata-prin-protest-in-poarta-guvernului\/' data-rel='slide-1' class='slide-image' title='Rom\u00e2nia, condamnat\u0103 la CEDO pentru \u00eenc\u0103lcarea libert\u0103\u021bii de exprimare manifestat\u0103 prin protest \u00een poarta Guvernului'><img loading=\"lazy\" decoding=\"async\" width=\"495\" height=\"400\" src=\"https:\/\/apador.org\/wp-content\/uploads\/2022\/05\/protest-bumbes-495x400.jpg\" class=\"attachment-portfolio size-portfolio wp-post-image\" alt=\"\" \/><\/a><div class='slide-content'><header class=\"entry-content-header\"><h3 class='slide-entry-title entry-title '  itemprop=\"headline\" ><a href='https:\/\/apador.org\/en\/romania-condamnata-la-cedo-pentru-incalcarea-libertatii-de-exprimare-manifestata-prin-protest-in-poarta-guvernului\/' title='Rom\u00e2nia, condamnat\u0103 la CEDO pentru \u00eenc\u0103lcarea libert\u0103\u021bii de exprimare manifestat\u0103 prin protest \u00een poarta Guvernului'>Rom\u00e2nia, condamnat\u0103 la CEDO pentru \u00eenc\u0103lcarea libert\u0103\u021bii de exprimare manifestat\u0103 prin protest \u00een poarta Guvernului<\/a><\/h3><span class=\"av-vertical-delimiter\"><\/span><\/header><div class='slide-meta'><time class='slide-meta-time updated'  itemprop=\"datePublished\" datetime=\"2022-05-03T14:44:24+00:00\" >03\/05\/2022<\/time><\/div><div class='slide-entry-excerpt entry-content'  itemprop=\"text\" >Curtea European\u0103 spune c\u0103 aplicarea regulii notific\u0103rii prealabile pentru diverse forme de exprimare a opiniei - \u0219i nu doar la manifest\u0103rile publice cu participare larg\u0103 - restr\u00e2nge libertatea de exprimare a cet\u0103\u021benilor\u00a0\u2013 decizia CEDO \u00een cazul Bumbe\u0219 vs.Rom\u00e2nia<div class=\"read-more-link\"><a href=\"https:\/\/apador.org\/en\/romania-condamnata-la-cedo-pentru-incalcarea-libertatii-de-exprimare-manifestata-prin-protest-in-poarta-guvernului\/\" class=\"more-link\">Read more<span class=\"more-link-arrow\"><\/span><\/a><\/div><\/div><\/div><footer class=\"entry-footer\"><\/footer><span class='hidden'>\n\t\t\t\t<span class='av-structured-data'  itemprop=\"image\" itemscope=\"itemscope\" itemtype=\"https:\/\/schema.org\/ImageObject\" >\n\t\t\t\t\t\t<span itemprop='url'>https:\/\/apador.org\/wp-content\/uploads\/2022\/05\/protest-bumbes.jpg<\/span>\n\t\t\t\t\t\t<span itemprop='height'>441<\/span>\n\t\t\t\t\t\t<span itemprop='width'>800<\/span>\n\t\t\t\t<\/span>\n\t\t\t\t<span class='av-structured-data'  itemprop=\"publisher\" itemtype=\"https:\/\/schema.org\/Organization\" itemscope=\"itemscope\" >\n\t\t\t\t\t\t<span itemprop='name'>Rasista<\/span>\n\t\t\t\t\t\t<span itemprop='logo' itemscope itemtype='https:\/\/schema.org\/ImageObject'>\n\t\t\t\t\t\t\t<span itemprop='url'>https:\/\/apador.org\/wp-content\/uploads\/2020\/09\/apador-logo-tmp-300x159.png<\/span>\n\t\t\t\t\t\t <\/span>\n\t\t\t\t<\/span><span class='av-structured-data'  itemprop=\"author\" itemscope=\"itemscope\" itemtype=\"https:\/\/schema.org\/Person\" ><span itemprop='name'>Rasista<\/span><\/span><span class='av-structured-data'  itemprop=\"datePublished\" datetime=\"2019-05-27T20:32:26+00:00\" >2022-05-03 14:44:24<\/span><span class='av-structured-data'  itemprop=\"dateModified\" itemtype=\"https:\/\/schema.org\/dateModified\" >2022-05-03 14:44:24<\/span><span class='av-structured-data'  itemprop=\"mainEntityOfPage\" itemtype=\"https:\/\/schema.org\/mainEntityOfPage\" ><span itemprop='name'>Rom\u00e2nia, condamnat\u0103 la CEDO pentru \u00eenc\u0103lcarea libert\u0103\u021bii de exprimare manifestat\u0103 prin protest \u00een poarta Guvernului<\/span><\/span><\/span><\/article><article class='slide-entry flex_column  post-entry post-entry-9963 slide-entry-overview slide-loop-2 slide-parity-even  av_one_third  real-thumbnail post-format-standard'  itemscope=\"itemscope\" itemtype=\"https:\/\/schema.org\/CreativeWork\" ><a href='https:\/\/apador.org\/en\/romania-condamnata-inca-o-data-la-cedo-pentru-violenta-politiei-impotriva-cetatenilor\/' data-rel='slide-1' class='slide-image' title='Rom\u00e2nia, condamnat\u0103 \u00eenc\u0103 o dat\u0103 la CEDO pentru violen\u021ba poli\u021biei \u00eempotriva cet\u0103\u021benilor'><img loading=\"lazy\" decoding=\"async\" width=\"495\" height=\"360\" src=\"https:\/\/apador.org\/wp-content\/uploads\/2015\/08\/politie-bataie-650-360-495x360.jpg\" class=\"attachment-portfolio size-portfolio wp-post-image\" alt=\"\" \/><\/a><div class='slide-content'><header class=\"entry-content-header\"><h3 class='slide-entry-title entry-title '  itemprop=\"headline\" ><a href='https:\/\/apador.org\/en\/romania-condamnata-inca-o-data-la-cedo-pentru-violenta-politiei-impotriva-cetatenilor\/' title='Rom\u00e2nia, condamnat\u0103 \u00eenc\u0103 o dat\u0103 la CEDO pentru violen\u021ba poli\u021biei \u00eempotriva cet\u0103\u021benilor'>Rom\u00e2nia, condamnat\u0103 \u00eenc\u0103 o dat\u0103 la CEDO pentru violen\u021ba poli\u021biei \u00eempotriva cet\u0103\u021benilor<\/a><\/h3><span class=\"av-vertical-delimiter\"><\/span><\/header><div class='slide-meta'><time class='slide-meta-time updated'  itemprop=\"datePublished\" datetime=\"2022-01-11T09:30:37+00:00\" >11\/01\/2022<\/time><\/div><div class='slide-entry-excerpt entry-content'  itemprop=\"text\" >Au chemat poli\u021bia ca s\u0103-i apere de un tat\u0103 agresiv, venit s\u0103-\u0219i viziteze copilul, \u0219i au ajuns \u00een spital cu r\u0103ni multiple, din cauza \u201elegitim\u0103rii\u201d brutale f\u0103cute de organele statului; Cazul S. \u0219i al\u021bii contra Rom\u00e2niei, c\u00e2\u0219tigat la Curtea European\u0103 a Drepturilor Omului, caz sus\u021binut de APADOR-CH<div class=\"read-more-link\"><a href=\"https:\/\/apador.org\/en\/romania-condamnata-inca-o-data-la-cedo-pentru-violenta-politiei-impotriva-cetatenilor\/\" class=\"more-link\">Read more<span class=\"more-link-arrow\"><\/span><\/a><\/div><\/div><\/div><footer class=\"entry-footer\"><\/footer><span class='hidden'>\n\t\t\t\t<span class='av-structured-data'  itemprop=\"image\" itemscope=\"itemscope\" itemtype=\"https:\/\/schema.org\/ImageObject\" >\n\t\t\t\t\t\t<span itemprop='url'>https:\/\/apador.org\/wp-content\/uploads\/2015\/08\/politie-bataie-650-360.jpg<\/span>\n\t\t\t\t\t\t<span itemprop='height'>360<\/span>\n\t\t\t\t\t\t<span itemprop='width'>650<\/span>\n\t\t\t\t<\/span>\n\t\t\t\t<span class='av-structured-data'  itemprop=\"publisher\" itemtype=\"https:\/\/schema.org\/Organization\" itemscope=\"itemscope\" >\n\t\t\t\t\t\t<span itemprop='name'>Rasista<\/span>\n\t\t\t\t\t\t<span itemprop='logo' itemscope itemtype='https:\/\/schema.org\/ImageObject'>\n\t\t\t\t\t\t\t<span itemprop='url'>https:\/\/apador.org\/wp-content\/uploads\/2020\/09\/apador-logo-tmp-300x159.png<\/span>\n\t\t\t\t\t\t <\/span>\n\t\t\t\t<\/span><span class='av-structured-data'  itemprop=\"author\" itemscope=\"itemscope\" itemtype=\"https:\/\/schema.org\/Person\" ><span itemprop='name'>Rasista<\/span><\/span><span class='av-structured-data'  itemprop=\"datePublished\" datetime=\"2019-05-27T20:32:26+00:00\" >2022-01-11 09:30:37<\/span><span class='av-structured-data'  itemprop=\"dateModified\" itemtype=\"https:\/\/schema.org\/dateModified\" >2022-01-11 17:24:37<\/span><span class='av-structured-data'  itemprop=\"mainEntityOfPage\" itemtype=\"https:\/\/schema.org\/mainEntityOfPage\" ><span itemprop='name'>Rom\u00e2nia, condamnat\u0103 \u00eenc\u0103 o dat\u0103 la CEDO pentru violen\u021ba poli\u021biei \u00eempotriva cet\u0103\u021benilor<\/span><\/span><\/span><\/article><article class='slide-entry flex_column  post-entry post-entry-6644 slide-entry-overview slide-loop-3 slide-parity-odd  av_one_third  real-thumbnail post-format-standard'  itemscope=\"itemscope\" itemtype=\"https:\/\/schema.org\/CreativeWork\" ><a href='https:\/\/apador.org\/en\/romania-condamnata-la-cedo-pentru-refuzul-de-a-scolariza-un-condamnat-in-timpul-detentiei\/' data-rel='slide-1' class='slide-image' title='Rom\u00e2nia, condamnat\u0103 la CEDO pentru refuzul de a \u0219colariza un condamnat \u00een timpul deten\u021biei'><img loading=\"lazy\" decoding=\"async\" width=\"495\" height=\"400\" src=\"https:\/\/apador.org\/wp-content\/uploads\/2015\/12\/14_text-page-001-495x400.jpg\" class=\"attachment-portfolio size-portfolio wp-post-image\" alt=\"\" srcset=\"https:\/\/apador.org\/wp-content\/uploads\/2015\/12\/14_text-page-001-495x400.jpg 495w, https:\/\/apador.org\/wp-content\/uploads\/2015\/12\/14_text-page-001-845x684.jpg 845w\" sizes=\"auto, (max-width: 495px) 100vw, 495px\" \/><\/a><div class='slide-content'><header class=\"entry-content-header\"><h3 class='slide-entry-title entry-title '  itemprop=\"headline\" ><a href='https:\/\/apador.org\/en\/romania-condamnata-la-cedo-pentru-refuzul-de-a-scolariza-un-condamnat-in-timpul-detentiei\/' title='Rom\u00e2nia, condamnat\u0103 la CEDO pentru refuzul de a \u0219colariza un condamnat \u00een timpul deten\u021biei'>Rom\u00e2nia, condamnat\u0103 la CEDO pentru refuzul de a \u0219colariza un condamnat \u00een timpul deten\u021biei<\/a><\/h3><span class=\"av-vertical-delimiter\"><\/span><\/header><div class='slide-meta'><time class='slide-meta-time updated'  itemprop=\"datePublished\" datetime=\"2019-03-21T21:38:30+00:00\" >21\/03\/2019<\/time><\/div><div class='slide-entry-excerpt entry-content'  itemprop=\"text\" >Bucure\u0219ti, 21 martie 2019\r\nStatul rom\u00e2n a fost condamnat de\u2026<div class=\"read-more-link\"><a href=\"https:\/\/apador.org\/en\/romania-condamnata-la-cedo-pentru-refuzul-de-a-scolariza-un-condamnat-in-timpul-detentiei\/\" class=\"more-link\">Read more<span class=\"more-link-arrow\"><\/span><\/a><\/div><\/div><\/div><footer class=\"entry-footer\"><\/footer><span class='hidden'>\n\t\t\t\t<span class='av-structured-data'  itemprop=\"image\" itemscope=\"itemscope\" itemtype=\"https:\/\/schema.org\/ImageObject\" >\n\t\t\t\t\t\t<span itemprop='url'>https:\/\/apador.org\/wp-content\/uploads\/2015\/12\/14_text-page-001.jpg<\/span>\n\t\t\t\t\t\t<span itemprop='height'>2973<\/span>\n\t\t\t\t\t\t<span itemprop='width'>3005<\/span>\n\t\t\t\t<\/span>\n\t\t\t\t<span class='av-structured-data'  itemprop=\"publisher\" itemtype=\"https:\/\/schema.org\/Organization\" itemscope=\"itemscope\" >\n\t\t\t\t\t\t<span itemprop='name'>Rasista<\/span>\n\t\t\t\t\t\t<span itemprop='logo' itemscope itemtype='https:\/\/schema.org\/ImageObject'>\n\t\t\t\t\t\t\t<span itemprop='url'>https:\/\/apador.org\/wp-content\/uploads\/2020\/09\/apador-logo-tmp-300x159.png<\/span>\n\t\t\t\t\t\t <\/span>\n\t\t\t\t<\/span><span class='av-structured-data'  itemprop=\"author\" itemscope=\"itemscope\" itemtype=\"https:\/\/schema.org\/Person\" ><span itemprop='name'>Rasista<\/span><\/span><span class='av-structured-data'  itemprop=\"datePublished\" datetime=\"2019-05-27T20:32:26+00:00\" >2019-03-21 21:38:30<\/span><span class='av-structured-data'  itemprop=\"dateModified\" itemtype=\"https:\/\/schema.org\/dateModified\" >2019-05-27 20:35:15<\/span><span class='av-structured-data'  itemprop=\"mainEntityOfPage\" itemtype=\"https:\/\/schema.org\/mainEntityOfPage\" ><span itemprop='name'>Rom\u00e2nia, condamnat\u0103 la CEDO pentru refuzul de a \u0219colariza un condamnat \u00een timpul deten\u021biei<\/span><\/span><\/span><\/article><\/div><div class='slide-entry-wrap'><article class='slide-entry flex_column  post-entry post-entry-6333 slide-entry-overview slide-loop-4 slide-parity-odd  av_one_third first real-thumbnail post-format-standard'  itemscope=\"itemscope\" itemtype=\"https:\/\/schema.org\/CreativeWork\" ><a href='https:\/\/apador.org\/en\/inca-o-condamnare-la-cedo-pentru-sanctionarea-unui-ziarist-care-si-facea-meseria\/' data-rel='slide-1' class='slide-image' title='\u00cenc\u0103 o condamnare la CEDO pentru sanc\u021bionarea unui ziarist care-\u0219i f\u0103cea meseria'><img loading=\"lazy\" decoding=\"async\" width=\"495\" height=\"400\" src=\"https:\/\/apador.org\/wp-content\/uploads\/2015\/12\/08_text-page-001-495x400.jpg\" class=\"attachment-portfolio size-portfolio wp-post-image\" alt=\"\" srcset=\"https:\/\/apador.org\/wp-content\/uploads\/2015\/12\/08_text-page-001-495x400.jpg 495w, https:\/\/apador.org\/wp-content\/uploads\/2015\/12\/08_text-page-001-845x684.jpg 845w\" sizes=\"auto, (max-width: 495px) 100vw, 495px\" \/><\/a><div class='slide-content'><header class=\"entry-content-header\"><h3 class='slide-entry-title entry-title '  itemprop=\"headline\" ><a href='https:\/\/apador.org\/en\/inca-o-condamnare-la-cedo-pentru-sanctionarea-unui-ziarist-care-si-facea-meseria\/' title='\u00cenc\u0103 o condamnare la CEDO pentru sanc\u021bionarea unui ziarist care-\u0219i f\u0103cea meseria'>\u00cenc\u0103 o condamnare la CEDO pentru sanc\u021bionarea unui ziarist care-\u0219i f\u0103cea meseria<\/a><\/h3><span class=\"av-vertical-delimiter\"><\/span><\/header><div class='slide-meta'><time class='slide-meta-time updated'  itemprop=\"datePublished\" datetime=\"2018-06-26T13:43:01+00:00\" >26\/06\/2018<\/time><\/div><div class='slide-entry-excerpt entry-content'  itemprop=\"text\" >Ziaristul Marian G\u00eerleanu, arestat \u0219i amendat \u00een 2007 pentru divulgarea de informa\u021bii secrete, ob\u021bine azi satisfac\u021bie de la Curtea European\u0103 a Drepturilor Omului<div class=\"read-more-link\"><a href=\"https:\/\/apador.org\/en\/inca-o-condamnare-la-cedo-pentru-sanctionarea-unui-ziarist-care-si-facea-meseria\/\" class=\"more-link\">Read more<span class=\"more-link-arrow\"><\/span><\/a><\/div><\/div><\/div><footer class=\"entry-footer\"><\/footer><span class='hidden'>\n\t\t\t\t<span class='av-structured-data'  itemprop=\"image\" itemscope=\"itemscope\" itemtype=\"https:\/\/schema.org\/ImageObject\" >\n\t\t\t\t\t\t<span itemprop='url'>https:\/\/apador.org\/wp-content\/uploads\/2015\/12\/08_text-page-001.jpg<\/span>\n\t\t\t\t\t\t<span itemprop='height'>2973<\/span>\n\t\t\t\t\t\t<span itemprop='width'>2973<\/span>\n\t\t\t\t<\/span>\n\t\t\t\t<span class='av-structured-data'  itemprop=\"publisher\" itemtype=\"https:\/\/schema.org\/Organization\" itemscope=\"itemscope\" >\n\t\t\t\t\t\t<span itemprop='name'>Rasista<\/span>\n\t\t\t\t\t\t<span itemprop='logo' itemscope itemtype='https:\/\/schema.org\/ImageObject'>\n\t\t\t\t\t\t\t<span itemprop='url'>https:\/\/apador.org\/wp-content\/uploads\/2020\/09\/apador-logo-tmp-300x159.png<\/span>\n\t\t\t\t\t\t <\/span>\n\t\t\t\t<\/span><span class='av-structured-data'  itemprop=\"author\" itemscope=\"itemscope\" itemtype=\"https:\/\/schema.org\/Person\" ><span itemprop='name'>Rasista<\/span><\/span><span class='av-structured-data'  itemprop=\"datePublished\" datetime=\"2019-05-27T20:32:26+00:00\" >2018-06-26 13:43:01<\/span><span class='av-structured-data'  itemprop=\"dateModified\" itemtype=\"https:\/\/schema.org\/dateModified\" >2019-05-27 20:35:30<\/span><span class='av-structured-data'  itemprop=\"mainEntityOfPage\" itemtype=\"https:\/\/schema.org\/mainEntityOfPage\" ><span itemprop='name'>\u00cenc\u0103 o condamnare la CEDO pentru sanc\u021bionarea unui ziarist care-\u0219i f\u0103cea meseria<\/span><\/span><\/span><\/article><article class='slide-entry flex_column  post-entry post-entry-6269 slide-entry-overview slide-loop-5 slide-parity-even  av_one_third  fake-thumbnail post-format-standard'  itemscope=\"itemscope\" itemtype=\"https:\/\/schema.org\/CreativeWork\" ><a href='https:\/\/apador.org\/en\/romania-condamnata-la-cedo-in-cazul-al-nashiri\/' data-rel='slide-1' class='slide-image' title='Rom\u00e2nia, condamnat\u0103 la CEDO \u00een cazul Al Nashiri'><span class=' fallback-post-type-icon' aria-hidden='true' data-av_icon='\ue836' data-av_iconfont='entypo-fontello'><\/span><span class='slider-fallback-image'><img loading=\"lazy\" decoding=\"async\" width=\"495\" height=\"400\" src=\"https:\/\/apador.org\/wp-content\/uploads\/2016\/11\/grand-chamber-495x400.jpg\" class=\"attachment-portfolio size-portfolio wp-post-image\" alt=\"\" \/><\/span><\/a><div class='slide-content'><header class=\"entry-content-header\"><h3 class='slide-entry-title entry-title '  itemprop=\"headline\" ><a href='https:\/\/apador.org\/en\/romania-condamnata-la-cedo-in-cazul-al-nashiri\/' title='Rom\u00e2nia, condamnat\u0103 la CEDO \u00een cazul Al Nashiri'>Rom\u00e2nia, condamnat\u0103 la CEDO \u00een cazul Al Nashiri<\/a><\/h3><span class=\"av-vertical-delimiter\"><\/span><\/header><div class='slide-meta'><time class='slide-meta-time updated'  itemprop=\"datePublished\" datetime=\"2018-05-31T15:23:34+00:00\" >31\/05\/2018<\/time><\/div><div class='slide-entry-excerpt entry-content'  itemprop=\"text\" >Statul rom\u00e2n a fost condamnat pentru complicitatea sa cu CIA \u00een cazul acuza\u021biilor privind acte de tortur\u0103 \u00een \u00eenchisori secrete.<div class=\"read-more-link\"><a href=\"https:\/\/apador.org\/en\/romania-condamnata-la-cedo-in-cazul-al-nashiri\/\" class=\"more-link\">Read more<span class=\"more-link-arrow\"><\/span><\/a><\/div><\/div><\/div><footer class=\"entry-footer\"><\/footer><span class='hidden'>\n\t\t\t\t<span class='av-structured-data'  itemprop=\"image\" itemscope=\"itemscope\" itemtype=\"https:\/\/schema.org\/ImageObject\" >\n\t\t\t\t\t\t<span itemprop='url'>https:\/\/apador.org\/wp-content\/uploads\/2020\/09\/apador-logo-tmp-300x159.png<\/span>\n\t\t\t\t\t\t<span itemprop='height'>0<\/span>\n\t\t\t\t\t\t<span itemprop='width'>0<\/span>\n\t\t\t\t<\/span>\n\t\t\t\t<span class='av-structured-data'  itemprop=\"publisher\" itemtype=\"https:\/\/schema.org\/Organization\" itemscope=\"itemscope\" >\n\t\t\t\t\t\t<span itemprop='name'>Rasista<\/span>\n\t\t\t\t\t\t<span itemprop='logo' itemscope itemtype='https:\/\/schema.org\/ImageObject'>\n\t\t\t\t\t\t\t<span itemprop='url'>https:\/\/apador.org\/wp-content\/uploads\/2020\/09\/apador-logo-tmp-300x159.png<\/span>\n\t\t\t\t\t\t <\/span>\n\t\t\t\t<\/span><span class='av-structured-data'  itemprop=\"author\" itemscope=\"itemscope\" itemtype=\"https:\/\/schema.org\/Person\" ><span itemprop='name'>Rasista<\/span><\/span><span class='av-structured-data'  itemprop=\"datePublished\" datetime=\"2019-05-27T20:32:26+00:00\" >2018-05-31 15:23:34<\/span><span class='av-structured-data'  itemprop=\"dateModified\" itemtype=\"https:\/\/schema.org\/dateModified\" >2019-05-27 20:35:57<\/span><span class='av-structured-data'  itemprop=\"mainEntityOfPage\" itemtype=\"https:\/\/schema.org\/mainEntityOfPage\" ><span itemprop='name'>Rom\u00e2nia, condamnat\u0103 la CEDO \u00een cazul Al Nashiri<\/span><\/span><\/span><\/article><article class='slide-entry flex_column  post-entry post-entry-6066 slide-entry-overview slide-loop-6 slide-parity-odd  av_one_third  real-thumbnail post-format-standard'  itemscope=\"itemscope\" itemtype=\"https:\/\/schema.org\/CreativeWork\" ><a href='https:\/\/apador.org\/en\/romania-condamnata-din-nou-la-cedo-pentru-bataia-din-sectia-de-politie\/' data-rel='slide-1' class='slide-image' title='Rom\u00e2nia, condamnat\u0103 din nou la CEDO pentru b\u0103taia din sec\u021bia de poli\u021bie'><img loading=\"lazy\" decoding=\"async\" width=\"495\" height=\"400\" src=\"https:\/\/apador.org\/wp-content\/uploads\/2018\/01\/Victor-Stanciu-2-495x400.jpg\" class=\"attachment-portfolio size-portfolio wp-post-image\" alt=\"\" \/><\/a><div class='slide-content'><header class=\"entry-content-header\"><h3 class='slide-entry-title entry-title '  itemprop=\"headline\" ><a href='https:\/\/apador.org\/en\/romania-condamnata-din-nou-la-cedo-pentru-bataia-din-sectia-de-politie\/' title='Rom\u00e2nia, condamnat\u0103 din nou la CEDO pentru b\u0103taia din sec\u021bia de poli\u021bie'>Rom\u00e2nia, condamnat\u0103 din nou la CEDO pentru b\u0103taia din sec\u021bia de poli\u021bie<\/a><\/h3><span class=\"av-vertical-delimiter\"><\/span><\/header><div class='slide-meta'><time class='slide-meta-time updated'  itemprop=\"datePublished\" datetime=\"2018-01-09T12:32:05+00:00\" >09\/01\/2018<\/time><\/div><div class='slide-entry-excerpt entry-content'  itemprop=\"text\" >Victor Stanciu, 60 de ani, a fost s\u0103ltat de acas\u0103 de doi poli\u021bi\u0219ti de la Sec\u021bia 19, dus la poli\u021bie \u0219i b\u0103tut deoarece n-a vrut s\u0103 se legitimeze. Justi\u021bia rom\u00e2n\u0103 a refuzat s\u0103-i fac\u0103 dreptate pe motiv c\u0103 nu a fost b\u0103tut a\u0219a de r\u0103u \u00eenc\u00e2t s\u0103 se \u00eencadreze la ceea ce CEDO nume\u0219te \u201etortur\u0103\u201d. CEDO a fost de alt\u0103 p\u0103rere.<div class=\"read-more-link\"><a href=\"https:\/\/apador.org\/en\/romania-condamnata-din-nou-la-cedo-pentru-bataia-din-sectia-de-politie\/\" class=\"more-link\">Read more<span class=\"more-link-arrow\"><\/span><\/a><\/div><\/div><\/div><footer class=\"entry-footer\"><\/footer><span class='hidden'>\n\t\t\t\t<span class='av-structured-data'  itemprop=\"image\" itemscope=\"itemscope\" itemtype=\"https:\/\/schema.org\/ImageObject\" >\n\t\t\t\t\t\t<span itemprop='url'>https:\/\/apador.org\/wp-content\/uploads\/2018\/01\/Victor-Stanciu-2.jpg<\/span>\n\t\t\t\t\t\t<span itemprop='height'>704<\/span>\n\t\t\t\t\t\t<span itemprop='width'>800<\/span>\n\t\t\t\t<\/span>\n\t\t\t\t<span class='av-structured-data'  itemprop=\"publisher\" itemtype=\"https:\/\/schema.org\/Organization\" itemscope=\"itemscope\" >\n\t\t\t\t\t\t<span itemprop='name'>Rasista<\/span>\n\t\t\t\t\t\t<span itemprop='logo' itemscope itemtype='https:\/\/schema.org\/ImageObject'>\n\t\t\t\t\t\t\t<span itemprop='url'>https:\/\/apador.org\/wp-content\/uploads\/2020\/09\/apador-logo-tmp-300x159.png<\/span>\n\t\t\t\t\t\t <\/span>\n\t\t\t\t<\/span><span class='av-structured-data'  itemprop=\"author\" itemscope=\"itemscope\" itemtype=\"https:\/\/schema.org\/Person\" ><span itemprop='name'>Rasista<\/span><\/span><span class='av-structured-data'  itemprop=\"datePublished\" datetime=\"2019-05-27T20:32:26+00:00\" >2018-01-09 12:32:05<\/span><span class='av-structured-data'  itemprop=\"dateModified\" itemtype=\"https:\/\/schema.org\/dateModified\" >2019-05-27 20:36:15<\/span><span class='av-structured-data'  itemprop=\"mainEntityOfPage\" itemtype=\"https:\/\/schema.org\/mainEntityOfPage\" ><span itemprop='name'>Rom\u00e2nia, condamnat\u0103 din nou la CEDO pentru b\u0103taia din sec\u021bia de poli\u021bie<\/span><\/span><\/span><\/article><\/div><div class='slide-entry-wrap'><article class='slide-entry flex_column  post-entry post-entry-5912 slide-entry-overview slide-loop-7 slide-parity-odd  av_one_third first real-thumbnail post-format-standard'  itemscope=\"itemscope\" itemtype=\"https:\/\/schema.org\/CreativeWork\" ><a href='https:\/\/apador.org\/en\/romania-condamnata-la-cedo-si-pentru-bataia-in-familie\/' data-rel='slide-1' class='slide-image' title='Rom\u00e2nia, condamnat\u0103 la CEDO \u0219i pentru b\u0103taia \u00een familie'><img loading=\"lazy\" decoding=\"async\" width=\"495\" height=\"360\" src=\"https:\/\/apador.org\/wp-content\/uploads\/2015\/03\/cedo-495x360.jpg\" class=\"attachment-portfolio size-portfolio wp-post-image\" alt=\"\" \/><\/a><div class='slide-content'><header class=\"entry-content-header\"><h3 class='slide-entry-title entry-title '  itemprop=\"headline\" ><a href='https:\/\/apador.org\/en\/romania-condamnata-la-cedo-si-pentru-bataia-in-familie\/' title='Rom\u00e2nia, condamnat\u0103 la CEDO \u0219i pentru b\u0103taia \u00een familie'>Rom\u00e2nia, condamnat\u0103 la CEDO \u0219i pentru b\u0103taia \u00een familie<\/a><\/h3><span class=\"av-vertical-delimiter\"><\/span><\/header><div class='slide-meta'><time class='slide-meta-time updated'  itemprop=\"datePublished\" datetime=\"2017-10-03T20:35:55+00:00\" >03\/10\/2017<\/time><\/div><div class='slide-entry-excerpt entry-content'  itemprop=\"text\" >Curtea a constatat c\u0103 autorit\u0103\u021bile statului nu au f\u0103cut nimic pentru protec\u021bia micu\u021bului D.M.D \u00een v\u00e2rst\u0103 de trei ani, b\u0103tut de tat\u0103l s\u0103u<div class=\"read-more-link\"><a href=\"https:\/\/apador.org\/en\/romania-condamnata-la-cedo-si-pentru-bataia-in-familie\/\" class=\"more-link\">Read more<span class=\"more-link-arrow\"><\/span><\/a><\/div><\/div><\/div><footer class=\"entry-footer\"><\/footer><span class='hidden'>\n\t\t\t\t<span class='av-structured-data'  itemprop=\"image\" itemscope=\"itemscope\" itemtype=\"https:\/\/schema.org\/ImageObject\" >\n\t\t\t\t\t\t<span itemprop='url'>https:\/\/apador.org\/wp-content\/uploads\/2015\/03\/cedo.jpg<\/span>\n\t\t\t\t\t\t<span itemprop='height'>360<\/span>\n\t\t\t\t\t\t<span itemprop='width'>650<\/span>\n\t\t\t\t<\/span>\n\t\t\t\t<span class='av-structured-data'  itemprop=\"publisher\" itemtype=\"https:\/\/schema.org\/Organization\" itemscope=\"itemscope\" >\n\t\t\t\t\t\t<span itemprop='name'>Rasista<\/span>\n\t\t\t\t\t\t<span itemprop='logo' itemscope itemtype='https:\/\/schema.org\/ImageObject'>\n\t\t\t\t\t\t\t<span itemprop='url'>https:\/\/apador.org\/wp-content\/uploads\/2020\/09\/apador-logo-tmp-300x159.png<\/span>\n\t\t\t\t\t\t <\/span>\n\t\t\t\t<\/span><span class='av-structured-data'  itemprop=\"author\" itemscope=\"itemscope\" itemtype=\"https:\/\/schema.org\/Person\" ><span itemprop='name'>Rasista<\/span><\/span><span class='av-structured-data'  itemprop=\"datePublished\" datetime=\"2019-05-27T20:32:26+00:00\" >2017-10-03 20:35:55<\/span><span class='av-structured-data'  itemprop=\"dateModified\" itemtype=\"https:\/\/schema.org\/dateModified\" >2019-05-27 20:34:09<\/span><span class='av-structured-data'  itemprop=\"mainEntityOfPage\" itemtype=\"https:\/\/schema.org\/mainEntityOfPage\" ><span itemprop='name'>Rom\u00e2nia, condamnat\u0103 la CEDO \u0219i pentru b\u0103taia \u00een familie<\/span><\/span><\/span><\/article><article class='slide-entry flex_column  post-entry post-entry-5856 slide-entry-overview slide-loop-8 slide-parity-even  av_one_third  real-thumbnail post-format-standard'  itemscope=\"itemscope\" itemtype=\"https:\/\/schema.org\/CreativeWork\" ><a href='https:\/\/apador.org\/en\/romania-condamnata-la-cedo-pentru-nerespectarea-libertatii-de-exprimare-intr-un-proces-in-care-a-tinut-cu-primarul-mazare\/' data-rel='slide-1' class='slide-image' title='Rom\u00e2nia, condamnat\u0103 la CEDO pentru nerespectarea libert\u0103\u021bii de exprimare, \u00eentr-un proces \u00een care a \u021binut cu primarul Maz\u0103re'><img loading=\"lazy\" decoding=\"async\" width=\"495\" height=\"360\" src=\"https:\/\/apador.org\/wp-content\/uploads\/2017\/06\/feri_predescu-495x360.jpg\" class=\"attachment-portfolio size-portfolio wp-post-image\" alt=\"\" \/><\/a><div class='slide-content'><header class=\"entry-content-header\"><h3 class='slide-entry-title entry-title '  itemprop=\"headline\" ><a href='https:\/\/apador.org\/en\/romania-condamnata-la-cedo-pentru-nerespectarea-libertatii-de-exprimare-intr-un-proces-in-care-a-tinut-cu-primarul-mazare\/' title='Rom\u00e2nia, condamnat\u0103 la CEDO pentru nerespectarea libert\u0103\u021bii de exprimare, \u00eentr-un proces \u00een care a \u021binut cu primarul Maz\u0103re'>Rom\u00e2nia, condamnat\u0103 la CEDO pentru nerespectarea libert\u0103\u021bii de exprimare, \u00eentr-un proces \u00een care a \u021binut cu primarul Maz\u0103re<\/a><\/h3><span class=\"av-vertical-delimiter\"><\/span><\/header><div class='slide-meta'><time class='slide-meta-time updated'  itemprop=\"datePublished\" datetime=\"2017-06-27T09:41:00+00:00\" >27\/06\/2017<\/time><\/div><div class='slide-entry-excerpt entry-content'  itemprop=\"text\" >Jurnalista Feri Predescu, condamnat\u0103 \u00een Rom\u00e2nia pentru c\u0103 l-a criticat pe primarul Radu Maz\u0103re, ob\u021bine satisfac\u021bie la CEDO, \u00eentr-un proces de recunoa\u0219tere a dreptului la liber\u0103 exprimare. \u00cen 2004, c\u00e2nd era ziarist, CEDO i-a recunoscut \u0219i fostului jurnalist Maz\u0103re acela\u0219i drept la exprimare<div class=\"read-more-link\"><a href=\"https:\/\/apador.org\/en\/romania-condamnata-la-cedo-pentru-nerespectarea-libertatii-de-exprimare-intr-un-proces-in-care-a-tinut-cu-primarul-mazare\/\" class=\"more-link\">Read more<span class=\"more-link-arrow\"><\/span><\/a><\/div><\/div><\/div><footer class=\"entry-footer\"><\/footer><span class='hidden'>\n\t\t\t\t<span class='av-structured-data'  itemprop=\"image\" itemscope=\"itemscope\" itemtype=\"https:\/\/schema.org\/ImageObject\" >\n\t\t\t\t\t\t<span itemprop='url'>https:\/\/apador.org\/wp-content\/uploads\/2017\/06\/feri_predescu.jpg<\/span>\n\t\t\t\t\t\t<span itemprop='height'>360<\/span>\n\t\t\t\t\t\t<span itemprop='width'>650<\/span>\n\t\t\t\t<\/span>\n\t\t\t\t<span class='av-structured-data'  itemprop=\"publisher\" itemtype=\"https:\/\/schema.org\/Organization\" itemscope=\"itemscope\" >\n\t\t\t\t\t\t<span itemprop='name'>Rasista<\/span>\n\t\t\t\t\t\t<span itemprop='logo' itemscope itemtype='https:\/\/schema.org\/ImageObject'>\n\t\t\t\t\t\t\t<span itemprop='url'>https:\/\/apador.org\/wp-content\/uploads\/2020\/09\/apador-logo-tmp-300x159.png<\/span>\n\t\t\t\t\t\t <\/span>\n\t\t\t\t<\/span><span class='av-structured-data'  itemprop=\"author\" itemscope=\"itemscope\" itemtype=\"https:\/\/schema.org\/Person\" ><span itemprop='name'>Rasista<\/span><\/span><span class='av-structured-data'  itemprop=\"datePublished\" datetime=\"2019-05-27T20:32:26+00:00\" >2017-06-27 09:41:00<\/span><span class='av-structured-data'  itemprop=\"dateModified\" itemtype=\"https:\/\/schema.org\/dateModified\" >2019-05-27 20:31:50<\/span><span class='av-structured-data'  itemprop=\"mainEntityOfPage\" itemtype=\"https:\/\/schema.org\/mainEntityOfPage\" ><span itemprop='name'>Rom\u00e2nia, condamnat\u0103 la CEDO pentru nerespectarea libert\u0103\u021bii de exprimare, \u00eentr-un proces \u00een care a \u021binut cu primarul Maz\u0103re<\/span><\/span><\/span><\/article><article class='slide-entry flex_column  post-entry post-entry-5476 slide-entry-overview slide-loop-9 slide-parity-odd  post-entry-last  av_one_third  real-thumbnail post-format-standard'  itemscope=\"itemscope\" itemtype=\"https:\/\/schema.org\/CreativeWork\" ><a href='https:\/\/apador.org\/en\/cazul-parohia-greco-catolica-lupeni-contra-romaniei-decizia-marii-camere-a-cedo\/' data-rel='slide-1' class='slide-image' title='Cazul Parohia greco-catolic\u0103 Lupeni contra Rom\u00e2niei \u2013 decizia Marii Camere a CEDO'><img loading=\"lazy\" decoding=\"async\" width=\"495\" height=\"400\" src=\"https:\/\/apador.org\/wp-content\/uploads\/2016\/11\/grand-chamber-495x400.jpg\" class=\"attachment-portfolio size-portfolio wp-post-image\" alt=\"\" \/><\/a><div class='slide-content'><header class=\"entry-content-header\"><h3 class='slide-entry-title entry-title '  itemprop=\"headline\" ><a href='https:\/\/apador.org\/en\/cazul-parohia-greco-catolica-lupeni-contra-romaniei-decizia-marii-camere-a-cedo\/' title='Cazul Parohia greco-catolic\u0103 Lupeni contra Rom\u00e2niei \u2013 decizia Marii Camere a CEDO'>Cazul Parohia greco-catolic\u0103 Lupeni contra Rom\u00e2niei \u2013 decizia Marii Camere a CEDO<\/a><\/h3><span class=\"av-vertical-delimiter\"><\/span><\/header><div class='slide-meta'><time class='slide-meta-time updated'  itemprop=\"datePublished\" datetime=\"2016-11-30T15:52:12+00:00\" >30\/11\/2016<\/time><\/div><div class='slide-entry-excerpt entry-content'  itemprop=\"text\" >A fost \u00eenc\u0103lcat articolul 6 \u00a7 1, prin durata mare a procedurilor legale \u0219i prin incertitudinile legislative interne, totu\u0219i Parohia greco catolic\u0103 Lupeni tot f\u0103r\u0103 biseric\u0103 r\u0103m\u00e2ne<div class=\"read-more-link\"><a href=\"https:\/\/apador.org\/en\/cazul-parohia-greco-catolica-lupeni-contra-romaniei-decizia-marii-camere-a-cedo\/\" class=\"more-link\">Read more<span class=\"more-link-arrow\"><\/span><\/a><\/div><\/div><\/div><footer class=\"entry-footer\"><\/footer><span class='hidden'>\n\t\t\t\t<span class='av-structured-data'  itemprop=\"image\" itemscope=\"itemscope\" itemtype=\"https:\/\/schema.org\/ImageObject\" >\n\t\t\t\t\t\t<span itemprop='url'>https:\/\/apador.org\/wp-content\/uploads\/2016\/11\/grand-chamber.jpg<\/span>\n\t\t\t\t\t\t<span itemprop='height'>532<\/span>\n\t\t\t\t\t\t<span itemprop='width'>800<\/span>\n\t\t\t\t<\/span>\n\t\t\t\t<span class='av-structured-data'  itemprop=\"publisher\" itemtype=\"https:\/\/schema.org\/Organization\" itemscope=\"itemscope\" >\n\t\t\t\t\t\t<span itemprop='name'>Rasista<\/span>\n\t\t\t\t\t\t<span itemprop='logo' itemscope itemtype='https:\/\/schema.org\/ImageObject'>\n\t\t\t\t\t\t\t<span itemprop='url'>https:\/\/apador.org\/wp-content\/uploads\/2020\/09\/apador-logo-tmp-300x159.png<\/span>\n\t\t\t\t\t\t <\/span>\n\t\t\t\t<\/span><span class='av-structured-data'  itemprop=\"author\" itemscope=\"itemscope\" itemtype=\"https:\/\/schema.org\/Person\" ><span itemprop='name'>Rasista<\/span><\/span><span class='av-structured-data'  itemprop=\"datePublished\" datetime=\"2019-05-27T20:32:26+00:00\" >2016-11-30 15:52:12<\/span><span class='av-structured-data'  itemprop=\"dateModified\" itemtype=\"https:\/\/schema.org\/dateModified\" >2019-05-27 20:36:33<\/span><span class='av-structured-data'  itemprop=\"mainEntityOfPage\" itemtype=\"https:\/\/schema.org\/mainEntityOfPage\" ><span itemprop='name'>Cazul Parohia greco-catolic\u0103 Lupeni contra Rom\u00e2niei \u2013 decizia Marii Camere a CEDO<\/span><\/span><\/span><\/article><\/div><\/div><div class='pagination-wrap pagination-slider'><nav class='pagination'><span class='pagination-meta'>Page 1 of 5<\/span><span class='current'>1<\/span><a href='https:\/\/apador.org\/en\/wp-json\/wp\/v2\/pages\/6743\/page\/2\/' class='inactive next_page' >2<\/a><a href='https:\/\/apador.org\/en\/wp-json\/wp\/v2\/pages\/6743\/page\/3\/' class='inactive' >3<\/a><a href='https:\/\/apador.org\/en\/wp-json\/wp\/v2\/pages\/6743\/page\/4\/' class='inactive' >4<\/a><a href='https:\/\/apador.org\/en\/wp-json\/wp\/v2\/pages\/6743\/page\/5\/' class='inactive' >5<\/a><\/nav>\n<\/div><\/div><\/div>","protected":false},"excerpt":{"rendered":"<p>Sorry, this entry is only available in Rom\u00e2n\u0103. For the sake of viewer convenience, the content is shown below in the alternative language. You may click the link to switch the active language.<\/p>\n","protected":false},"author":2,"featured_media":0,"parent":0,"menu_order":0,"comment_status":"closed","ping_status":"closed","template":"","meta":{"footnotes":""},"class_list":["post-6743","page","type-page","status-publish","hentry"],"_links":{"self":[{"href":"https:\/\/apador.org\/en\/wp-json\/wp\/v2\/pages\/6743","targetHints":{"allow":["GET"]}}],"collection":[{"href":"https:\/\/apador.org\/en\/wp-json\/wp\/v2\/pages"}],"about":[{"href":"https:\/\/apador.org\/en\/wp-json\/wp\/v2\/types\/page"}],"author":[{"embeddable":true,"href":"https:\/\/apador.org\/en\/wp-json\/wp\/v2\/users\/2"}],"replies":[{"embeddable":true,"href":"https:\/\/apador.org\/en\/wp-json\/wp\/v2\/comments?post=6743"}],"version-history":[{"count":0,"href":"https:\/\/apador.org\/en\/wp-json\/wp\/v2\/pages\/6743\/revisions"}],"wp:attachment":[{"href":"https:\/\/apador.org\/en\/wp-json\/wp\/v2\/media?parent=6743"}],"curies":[{"name":"wp","href":"https:\/\/api.w.org\/{rel}","templated":true}]}}