{"id":8038,"date":"2020-08-05T15:23:16","date_gmt":"2020-08-05T13:23:16","guid":{"rendered":"https:\/\/beta.apador.org\/?page_id=8038"},"modified":"2020-08-06T18:48:47","modified_gmt":"2020-08-06T16:48:47","slug":"jurisprudenta-interna","status":"publish","type":"page","link":"https:\/\/apador.org\/en\/jurisprudenta-interna\/","title":{"rendered":"Jurispruden\u021b\u0103 intern\u0103"},"content":{"rendered":"<p class=\"qtranxs-available-languages-message qtranxs-available-languages-message-en\">Sorry, this entry is only available in <a href=\"https:\/\/apador.org\/ro\/wp-json\/wp\/v2\/pages\/8038\" class=\"qtranxs-available-language-link qtranxs-available-language-link-ro\" title=\"Rom\u00e2n\u0103\">Rom\u00e2n\u0103<\/a>. For the sake of viewer convenience, the content is shown below in the alternative language. You may click the link to switch the active language.<\/p><section class=\"av_textblock_section \"  itemscope=\"itemscope\" itemtype=\"https:\/\/schema.org\/CreativeWork\" ><div class='avia_textblock  '   itemprop=\"text\" ><h2>Procese intentate\/c\u00e2\u0219tigate de APADOR-CH \u00een instan\u021bele din Rom\u00e2nia:<\/h2>\n<\/div><\/section>\n<div class=\"flex_column av_one_full  flex_column_div av-zero-column-padding first  avia-builder-el-1  el_after_av_textblock  avia-builder-el-last  column-top-margin\" style='border-radius:0px; '><div   data-autoplay=''  data-interval='5'  data-animation='fade'  data-show_slide_delay='90'  class='avia-content-slider avia-content-grid-active avia-content-slider1 avia-content-slider-odd  avia-builder-el-2  avia-builder-el-no-sibling  '  itemscope=\"itemscope\" itemtype=\"https:\/\/schema.org\/Blog\" ><div class='avia-content-slider-inner'><div class='slide-entry-wrap'><article class='slide-entry flex_column  post-entry post-entry-7913 slide-entry-overview slide-loop-1 slide-parity-odd  av_one_third first real-thumbnail post-format-standard'  itemscope=\"itemscope\" itemtype=\"https:\/\/schema.org\/CreativeWork\" ><a href='https:\/\/apador.org\/en\/politist-condamnat-la-inchisoare-cu-suspendare-pentru-ca-a-batut-un-cetatean-in-sectia-17\/' data-rel='slide-1' class='slide-image' title='Poli\u021bist condamnat la \u00eenchisoare cu suspendare pentru c\u0103 a b\u0103tut un cet\u0103\u021bean \u00een Sec\u021bia 17'><img loading=\"lazy\" decoding=\"async\" width=\"495\" height=\"332\" src=\"https:\/\/apador.org\/wp-content\/uploads\/2020\/06\/motivare2-495x332.jpg\" class=\"attachment-portfolio size-portfolio wp-post-image\" alt=\"\" \/><\/a><div class='slide-content'><header class=\"entry-content-header\"><h3 class='slide-entry-title entry-title '  itemprop=\"headline\" ><a href='https:\/\/apador.org\/en\/politist-condamnat-la-inchisoare-cu-suspendare-pentru-ca-a-batut-un-cetatean-in-sectia-17\/' title='Poli\u021bist condamnat la \u00eenchisoare cu suspendare pentru c\u0103 a b\u0103tut un cet\u0103\u021bean \u00een Sec\u021bia 17'>Poli\u021bist condamnat la \u00eenchisoare cu suspendare pentru c\u0103 a b\u0103tut un cet\u0103\u021bean \u00een Sec\u021bia 17<\/a><\/h3><span class=\"av-vertical-delimiter\"><\/span><\/header><div class='slide-meta'><time class='slide-meta-time updated'  itemprop=\"datePublished\" datetime=\"2020-06-22T09:07:37+00:00\" >22\/06\/2020<\/time><\/div><div class='slide-entry-excerpt entry-content'  itemprop=\"text\" >Dup\u0103 cinci ani de tergivers\u0103ri, \u00een care poli\u021bia \u0219i procurorii mai mult nu au vrut s\u0103-l ancheteze pe agresor, justi\u021bia l-a condamnat pe poli\u021bistul A. S. la 10 luni de \u00eenchisoare cu suspendare \u0219i 10.000 de lei daune morale pentru victim\u0103<div class=\"read-more-link\"><a href=\"https:\/\/apador.org\/en\/politist-condamnat-la-inchisoare-cu-suspendare-pentru-ca-a-batut-un-cetatean-in-sectia-17\/\" class=\"more-link\">Read more<span class=\"more-link-arrow\"><\/span><\/a><\/div><\/div><\/div><footer class=\"entry-footer\"><\/footer><span class='hidden'>\n\t\t\t\t<span class='av-structured-data'  itemprop=\"image\" itemscope=\"itemscope\" itemtype=\"https:\/\/schema.org\/ImageObject\" >\n\t\t\t\t\t\t<span itemprop='url'>https:\/\/apador.org\/wp-content\/uploads\/2020\/06\/motivare2.jpg<\/span>\n\t\t\t\t\t\t<span itemprop='height'>332<\/span>\n\t\t\t\t\t\t<span itemprop='width'>800<\/span>\n\t\t\t\t<\/span>\n\t\t\t\t<span class='av-structured-data'  itemprop=\"publisher\" itemtype=\"https:\/\/schema.org\/Organization\" itemscope=\"itemscope\" >\n\t\t\t\t\t\t<span itemprop='name'>Rasista<\/span>\n\t\t\t\t\t\t<span itemprop='logo' itemscope itemtype='https:\/\/schema.org\/ImageObject'>\n\t\t\t\t\t\t\t<span itemprop='url'>https:\/\/apador.org\/wp-content\/uploads\/2020\/09\/apador-logo-tmp-300x159.png<\/span>\n\t\t\t\t\t\t <\/span>\n\t\t\t\t<\/span><span class='av-structured-data'  itemprop=\"author\" itemscope=\"itemscope\" itemtype=\"https:\/\/schema.org\/Person\" ><span itemprop='name'>Rasista<\/span><\/span><span class='av-structured-data'  itemprop=\"datePublished\" datetime=\"2020-08-05T15:23:16+00:00\" >2020-06-22 09:07:37<\/span><span class='av-structured-data'  itemprop=\"dateModified\" itemtype=\"https:\/\/schema.org\/dateModified\" >2020-08-06 11:55:11<\/span><span class='av-structured-data'  itemprop=\"mainEntityOfPage\" itemtype=\"https:\/\/schema.org\/mainEntityOfPage\" ><span itemprop='name'>Poli\u021bist condamnat la \u00eenchisoare cu suspendare pentru c\u0103 a b\u0103tut un cet\u0103\u021bean \u00een Sec\u021bia 17<\/span><\/span><\/span><\/article><article class='slide-entry flex_column  post-entry post-entry-7197 slide-entry-overview slide-loop-2 slide-parity-even  av_one_third  real-thumbnail post-format-standard'  itemscope=\"itemscope\" itemtype=\"https:\/\/schema.org\/CreativeWork\" ><a href='https:\/\/apador.org\/en\/amenda-pentru-protestul-de-la-tribunalul-bucuresti-anulata-de-instanta\/' data-rel='slide-1' class='slide-image' title='Amenda pentru protestul de la Tribunalul Bucure\u0219ti, anulat\u0103 de instan\u021b\u0103'><img loading=\"lazy\" decoding=\"async\" width=\"495\" height=\"400\" src=\"https:\/\/apador.org\/wp-content\/uploads\/2020\/02\/protst-8-martie-tudorina-495x400.jpg\" class=\"attachment-portfolio size-portfolio wp-post-image\" alt=\"\" \/><\/a><div class='slide-content'><header class=\"entry-content-header\"><h3 class='slide-entry-title entry-title '  itemprop=\"headline\" ><a href='https:\/\/apador.org\/en\/amenda-pentru-protestul-de-la-tribunalul-bucuresti-anulata-de-instanta\/' title='Amenda pentru protestul de la Tribunalul Bucure\u0219ti, anulat\u0103 de instan\u021b\u0103'>Amenda pentru protestul de la Tribunalul Bucure\u0219ti, anulat\u0103 de instan\u021b\u0103<\/a><\/h3><span class=\"av-vertical-delimiter\"><\/span><\/header><div class='slide-meta'><time class='slide-meta-time updated'  itemprop=\"datePublished\" datetime=\"2020-01-18T12:30:32+00:00\" >18\/01\/2020<\/time><\/div><div class='slide-entry-excerpt entry-content'  itemprop=\"text\" >Cazul T.M., amendat\u0103 de jandarmi pentru c\u0103 ar fi tulburat lini\u0219tea judec\u0103torilor de la Tribunalul Bucure\u0219ti, a fost c\u00e2\u0219tigat \u00een instan\u021b\u0103 de avocatul APADOR-CH Nicoleta Popescu<div class=\"read-more-link\"><a href=\"https:\/\/apador.org\/en\/amenda-pentru-protestul-de-la-tribunalul-bucuresti-anulata-de-instanta\/\" class=\"more-link\">Read more<span class=\"more-link-arrow\"><\/span><\/a><\/div><\/div><\/div><footer class=\"entry-footer\"><\/footer><span class='hidden'>\n\t\t\t\t<span class='av-structured-data'  itemprop=\"image\" itemscope=\"itemscope\" itemtype=\"https:\/\/schema.org\/ImageObject\" >\n\t\t\t\t\t\t<span itemprop='url'>https:\/\/apador.org\/wp-content\/uploads\/2020\/02\/protst-8-martie-tudorina.jpg<\/span>\n\t\t\t\t\t\t<span itemprop='height'>675<\/span>\n\t\t\t\t\t\t<span itemprop='width'>900<\/span>\n\t\t\t\t<\/span>\n\t\t\t\t<span class='av-structured-data'  itemprop=\"publisher\" itemtype=\"https:\/\/schema.org\/Organization\" itemscope=\"itemscope\" >\n\t\t\t\t\t\t<span itemprop='name'>Rasista<\/span>\n\t\t\t\t\t\t<span itemprop='logo' itemscope itemtype='https:\/\/schema.org\/ImageObject'>\n\t\t\t\t\t\t\t<span itemprop='url'>https:\/\/apador.org\/wp-content\/uploads\/2020\/09\/apador-logo-tmp-300x159.png<\/span>\n\t\t\t\t\t\t <\/span>\n\t\t\t\t<\/span><span class='av-structured-data'  itemprop=\"author\" itemscope=\"itemscope\" itemtype=\"https:\/\/schema.org\/Person\" ><span itemprop='name'>Rasista<\/span><\/span><span class='av-structured-data'  itemprop=\"datePublished\" datetime=\"2020-08-05T15:23:16+00:00\" >2020-01-18 12:30:32<\/span><span class='av-structured-data'  itemprop=\"dateModified\" itemtype=\"https:\/\/schema.org\/dateModified\" >2020-08-05 14:48:39<\/span><span class='av-structured-data'  itemprop=\"mainEntityOfPage\" itemtype=\"https:\/\/schema.org\/mainEntityOfPage\" ><span itemprop='name'>Amenda pentru protestul de la Tribunalul Bucure\u0219ti, anulat\u0103 de instan\u021b\u0103<\/span><\/span><\/span><\/article><article class='slide-entry flex_column  post-entry post-entry-6025 slide-entry-overview slide-loop-3 slide-parity-odd  av_one_third  real-thumbnail post-format-standard'  itemscope=\"itemscope\" itemtype=\"https:\/\/schema.org\/CreativeWork\" ><a href='https:\/\/apador.org\/en\/institutul-roman-pentru-drepturile-omului-obligat-de-instanta-sa-respecte-legea\/' data-rel='slide-1' class='slide-image' title='Institutul Rom\u00e2n pentru Drepturile Omului, obligat de instan\u021b\u0103 s\u0103 respecte legea'><img loading=\"lazy\" decoding=\"async\" width=\"495\" height=\"400\" src=\"https:\/\/apador.org\/wp-content\/uploads\/2017\/12\/irdo-495x400.jpg\" class=\"attachment-portfolio size-portfolio wp-post-image\" alt=\"\" \/><\/a><div class='slide-content'><header class=\"entry-content-header\"><h3 class='slide-entry-title entry-title '  itemprop=\"headline\" ><a href='https:\/\/apador.org\/en\/institutul-roman-pentru-drepturile-omului-obligat-de-instanta-sa-respecte-legea\/' title='Institutul Rom\u00e2n pentru Drepturile Omului, obligat de instan\u021b\u0103 s\u0103 respecte legea'>Institutul Rom\u00e2n pentru Drepturile Omului, obligat de instan\u021b\u0103 s\u0103 respecte legea<\/a><\/h3><span class=\"av-vertical-delimiter\"><\/span><\/header><div class='slide-meta'><time class='slide-meta-time updated'  itemprop=\"datePublished\" datetime=\"2017-12-08T16:53:15+00:00\" >08\/12\/2017<\/time><\/div><div class='slide-entry-excerpt entry-content'  itemprop=\"text\" >Dup\u0103 doi ani de procese, justi\u021bia a obligat IRDO s\u0103-\u0219i fac\u0103 publice bugetele, activit\u0103\u021bile \u0219i numele \u0219efilor, informa\u021bii publice pe care le \u021bine la secret de 26 de ani<div class=\"read-more-link\"><a href=\"https:\/\/apador.org\/en\/institutul-roman-pentru-drepturile-omului-obligat-de-instanta-sa-respecte-legea\/\" class=\"more-link\">Read more<span class=\"more-link-arrow\"><\/span><\/a><\/div><\/div><\/div><footer class=\"entry-footer\"><\/footer><span class='hidden'>\n\t\t\t\t<span class='av-structured-data'  itemprop=\"image\" itemscope=\"itemscope\" itemtype=\"https:\/\/schema.org\/ImageObject\" >\n\t\t\t\t\t\t<span itemprop='url'>https:\/\/apador.org\/wp-content\/uploads\/2017\/12\/irdo.jpg<\/span>\n\t\t\t\t\t\t<span itemprop='height'>578<\/span>\n\t\t\t\t\t\t<span itemprop='width'>800<\/span>\n\t\t\t\t<\/span>\n\t\t\t\t<span class='av-structured-data'  itemprop=\"publisher\" itemtype=\"https:\/\/schema.org\/Organization\" itemscope=\"itemscope\" >\n\t\t\t\t\t\t<span itemprop='name'>Rasista<\/span>\n\t\t\t\t\t\t<span itemprop='logo' itemscope itemtype='https:\/\/schema.org\/ImageObject'>\n\t\t\t\t\t\t\t<span itemprop='url'>https:\/\/apador.org\/wp-content\/uploads\/2020\/09\/apador-logo-tmp-300x159.png<\/span>\n\t\t\t\t\t\t <\/span>\n\t\t\t\t<\/span><span class='av-structured-data'  itemprop=\"author\" itemscope=\"itemscope\" itemtype=\"https:\/\/schema.org\/Person\" ><span itemprop='name'>Rasista<\/span><\/span><span class='av-structured-data'  itemprop=\"datePublished\" datetime=\"2020-08-05T15:23:16+00:00\" >2017-12-08 16:53:15<\/span><span class='av-structured-data'  itemprop=\"dateModified\" itemtype=\"https:\/\/schema.org\/dateModified\" >2020-08-06 11:55:49<\/span><span class='av-structured-data'  itemprop=\"mainEntityOfPage\" itemtype=\"https:\/\/schema.org\/mainEntityOfPage\" ><span itemprop='name'>Institutul Rom\u00e2n pentru Drepturile Omului, obligat de instan\u021b\u0103 s\u0103 respecte legea<\/span><\/span><\/span><\/article><\/div><div class='slide-entry-wrap'><article class='slide-entry flex_column  post-entry post-entry-6007 slide-entry-overview slide-loop-4 slide-parity-odd  av_one_third first real-thumbnail post-format-standard'  itemscope=\"itemscope\" itemtype=\"https:\/\/schema.org\/CreativeWork\" ><a href='https:\/\/apador.org\/en\/manualul-de-bune-practici-al-politiei\/' data-rel='slide-1' class='slide-image' title='Dup\u0103 doi ani de procese am ob\u021binut \u201emanualul de bune practici\u201d al poli\u021biei'><img loading=\"lazy\" decoding=\"async\" width=\"495\" height=\"360\" src=\"https:\/\/apador.org\/wp-content\/uploads\/2015\/06\/politisti-495x360.jpg\" class=\"attachment-portfolio size-portfolio wp-post-image\" alt=\"\" \/><\/a><div class='slide-content'><header class=\"entry-content-header\"><h3 class='slide-entry-title entry-title '  itemprop=\"headline\" ><a href='https:\/\/apador.org\/en\/manualul-de-bune-practici-al-politiei\/' title='Dup\u0103 doi ani de procese am ob\u021binut \u201emanualul de bune practici\u201d al poli\u021biei'>Dup\u0103 doi ani de procese am ob\u021binut \u201emanualul de bune practici\u201d al poli\u021biei<\/a><\/h3><span class=\"av-vertical-delimiter\"><\/span><\/header><div class='slide-meta'><time class='slide-meta-time updated'  itemprop=\"datePublished\" datetime=\"2017-12-07T08:40:28+00:00\" >07\/12\/2017<\/time><\/div><div class='slide-entry-excerpt entry-content'  itemprop=\"text\" >Dar acum MAI discut\u0103 modificarea lui, a\u0219a c\u0103 citi\u021bi-l pe \u0103sta aflat \u00een vigoare, ca s\u0103 \u0219ti\u021bi ce drepturi avea\u021bi p\u00e2n\u0103 acum c\u00e2nd v\u0103 \u00eent\u00e2lnea\u021bi cu poli\u021bia. Ce se va schimba \u00een el afla\u021bi dac\u0103 participa\u021bi la dezbaterea organizat\u0103 de MAI, luni, 11 decembrie<div class=\"read-more-link\"><a href=\"https:\/\/apador.org\/en\/manualul-de-bune-practici-al-politiei\/\" class=\"more-link\">Read more<span class=\"more-link-arrow\"><\/span><\/a><\/div><\/div><\/div><footer class=\"entry-footer\"><\/footer><span class='hidden'>\n\t\t\t\t<span class='av-structured-data'  itemprop=\"image\" itemscope=\"itemscope\" itemtype=\"https:\/\/schema.org\/ImageObject\" >\n\t\t\t\t\t\t<span itemprop='url'>https:\/\/apador.org\/wp-content\/uploads\/2015\/06\/politisti.jpg<\/span>\n\t\t\t\t\t\t<span itemprop='height'>360<\/span>\n\t\t\t\t\t\t<span itemprop='width'>650<\/span>\n\t\t\t\t<\/span>\n\t\t\t\t<span class='av-structured-data'  itemprop=\"publisher\" itemtype=\"https:\/\/schema.org\/Organization\" itemscope=\"itemscope\" >\n\t\t\t\t\t\t<span itemprop='name'>Rasista<\/span>\n\t\t\t\t\t\t<span itemprop='logo' itemscope itemtype='https:\/\/schema.org\/ImageObject'>\n\t\t\t\t\t\t\t<span itemprop='url'>https:\/\/apador.org\/wp-content\/uploads\/2020\/09\/apador-logo-tmp-300x159.png<\/span>\n\t\t\t\t\t\t <\/span>\n\t\t\t\t<\/span><span class='av-structured-data'  itemprop=\"author\" itemscope=\"itemscope\" itemtype=\"https:\/\/schema.org\/Person\" ><span itemprop='name'>Rasista<\/span><\/span><span class='av-structured-data'  itemprop=\"datePublished\" datetime=\"2020-08-05T15:23:16+00:00\" >2017-12-07 08:40:28<\/span><span class='av-structured-data'  itemprop=\"dateModified\" itemtype=\"https:\/\/schema.org\/dateModified\" >2020-08-06 11:53:40<\/span><span class='av-structured-data'  itemprop=\"mainEntityOfPage\" itemtype=\"https:\/\/schema.org\/mainEntityOfPage\" ><span itemprop='name'>Dup\u0103 doi ani de procese am ob\u021binut \u201emanualul de bune practici\u201d al poli\u021biei<\/span><\/span><\/span><\/article><article class='slide-entry flex_column  post-entry post-entry-5110 slide-entry-overview slide-loop-5 slide-parity-even  av_one_third  real-thumbnail post-format-standard'  itemscope=\"itemscope\" itemtype=\"https:\/\/schema.org\/CreativeWork\" ><a href='https:\/\/apador.org\/en\/cum-poti-obliga-primaria-sa-respecte-legea-o-dai-in-judecata-si-i-ceri-daune-morale\/' data-rel='slide-1' class='slide-image' title='Cum po\u021bi obliga prim\u0103ria s\u0103 respecte legea: o dai \u00een judecat\u0103 \u0219i-i ceri daune morale'><img loading=\"lazy\" decoding=\"async\" width=\"495\" height=\"360\" src=\"https:\/\/apador.org\/wp-content\/uploads\/2016\/05\/Adunare-publica-martie-20131-495x360.jpg\" class=\"attachment-portfolio size-portfolio wp-post-image\" alt=\"\" \/><\/a><div class='slide-content'><header class=\"entry-content-header\"><h3 class='slide-entry-title entry-title '  itemprop=\"headline\" ><a href='https:\/\/apador.org\/en\/cum-poti-obliga-primaria-sa-respecte-legea-o-dai-in-judecata-si-i-ceri-daune-morale\/' title='Cum po\u021bi obliga prim\u0103ria s\u0103 respecte legea: o dai \u00een judecat\u0103 \u0219i-i ceri daune morale'>Cum po\u021bi obliga prim\u0103ria s\u0103 respecte legea: o dai \u00een judecat\u0103 \u0219i-i ceri daune morale<\/a><\/h3><span class=\"av-vertical-delimiter\"><\/span><\/header><div class='slide-meta'><time class='slide-meta-time updated'  itemprop=\"datePublished\" datetime=\"2016-05-18T14:04:21+00:00\" >18\/05\/2016<\/time><\/div><div class='slide-entry-excerpt entry-content'  itemprop=\"text\" >OPTAR cere daune morale de la Prim\u0103ria Capitalei \u0219i de la fostul primar Sorin Oprescu, deoarece s-au folosit abuziv de sistemul public pentru a \u00eempiedica cet\u0103\u021benii s\u0103-\u0219i exercite dreptul legal de a organiza o adunare public\u0103<div class=\"read-more-link\"><a href=\"https:\/\/apador.org\/en\/cum-poti-obliga-primaria-sa-respecte-legea-o-dai-in-judecata-si-i-ceri-daune-morale\/\" class=\"more-link\">Read more<span class=\"more-link-arrow\"><\/span><\/a><\/div><\/div><\/div><footer class=\"entry-footer\"><\/footer><span class='hidden'>\n\t\t\t\t<span class='av-structured-data'  itemprop=\"image\" itemscope=\"itemscope\" itemtype=\"https:\/\/schema.org\/ImageObject\" >\n\t\t\t\t\t\t<span itemprop='url'>https:\/\/apador.org\/wp-content\/uploads\/2016\/05\/Adunare-publica-martie-20131.jpg<\/span>\n\t\t\t\t\t\t<span itemprop='height'>360<\/span>\n\t\t\t\t\t\t<span itemprop='width'>650<\/span>\n\t\t\t\t<\/span>\n\t\t\t\t<span class='av-structured-data'  itemprop=\"publisher\" itemtype=\"https:\/\/schema.org\/Organization\" itemscope=\"itemscope\" >\n\t\t\t\t\t\t<span itemprop='name'>Rasista<\/span>\n\t\t\t\t\t\t<span itemprop='logo' itemscope itemtype='https:\/\/schema.org\/ImageObject'>\n\t\t\t\t\t\t\t<span itemprop='url'>https:\/\/apador.org\/wp-content\/uploads\/2020\/09\/apador-logo-tmp-300x159.png<\/span>\n\t\t\t\t\t\t <\/span>\n\t\t\t\t<\/span><span class='av-structured-data'  itemprop=\"author\" itemscope=\"itemscope\" itemtype=\"https:\/\/schema.org\/Person\" ><span itemprop='name'>Rasista<\/span><\/span><span class='av-structured-data'  itemprop=\"datePublished\" datetime=\"2020-08-05T15:23:16+00:00\" >2016-05-18 14:04:21<\/span><span class='av-structured-data'  itemprop=\"dateModified\" itemtype=\"https:\/\/schema.org\/dateModified\" >2020-08-06 11:56:28<\/span><span class='av-structured-data'  itemprop=\"mainEntityOfPage\" itemtype=\"https:\/\/schema.org\/mainEntityOfPage\" ><span itemprop='name'>Cum po\u021bi obliga prim\u0103ria s\u0103 respecte legea: o dai \u00een judecat\u0103 \u0219i-i ceri daune morale<\/span><\/span><\/span><\/article><article class='slide-entry flex_column  post-entry post-entry-5009 slide-entry-overview slide-loop-6 slide-parity-odd  av_one_third  real-thumbnail post-format-standard'  itemscope=\"itemscope\" itemtype=\"https:\/\/schema.org\/CreativeWork\" ><a href='https:\/\/apador.org\/en\/ministerul-sanatatii-obligat-de-instanta-sa-raspunda-la-intrebarile-apador-ch-privind-actiunile-de-dupa-colectiv\/' data-rel='slide-1' class='slide-image' title='Ministerul S\u0103n\u0103t\u0103\u021bii, obligat de instan\u021b\u0103 s\u0103 r\u0103spund\u0103 la \u00eentreb\u0103rile APADOR-CH privind ac\u021biunile de dup\u0103 Colectiv'><img loading=\"lazy\" decoding=\"async\" width=\"495\" height=\"336\" src=\"https:\/\/apador.org\/wp-content\/uploads\/2015\/11\/raniti-colectiv-495x336.jpg\" class=\"attachment-portfolio size-portfolio wp-post-image\" alt=\"\" \/><\/a><div class='slide-content'><header class=\"entry-content-header\"><h3 class='slide-entry-title entry-title '  itemprop=\"headline\" ><a href='https:\/\/apador.org\/en\/ministerul-sanatatii-obligat-de-instanta-sa-raspunda-la-intrebarile-apador-ch-privind-actiunile-de-dupa-colectiv\/' title='Ministerul S\u0103n\u0103t\u0103\u021bii, obligat de instan\u021b\u0103 s\u0103 r\u0103spund\u0103 la \u00eentreb\u0103rile APADOR-CH privind ac\u021biunile de dup\u0103 Colectiv'>Ministerul S\u0103n\u0103t\u0103\u021bii, obligat de instan\u021b\u0103 s\u0103 r\u0103spund\u0103 la \u00eentreb\u0103rile APADOR-CH privind ac\u021biunile de dup\u0103 Colectiv<\/a><\/h3><span class=\"av-vertical-delimiter\"><\/span><\/header><div class='slide-meta'><time class='slide-meta-time updated'  itemprop=\"datePublished\" datetime=\"2016-03-23T12:13:06+00:00\" >23\/03\/2016<\/time><\/div><div class='slide-entry-excerpt entry-content'  itemprop=\"text\" >APADOR-CH a c\u00e2\u0219tigat procesul intentat Ministerului S\u0103n\u0103t\u0103\u021bii, pentru c\u0103 a refuzat s\u0103 r\u0103spund\u0103 la \u00eentreb\u0103rile formulate conform Legii 544\/2001, pe tema m\u0103surilor luate dup\u0103 accidentul din Clubul Colectiv.<div class=\"read-more-link\"><a href=\"https:\/\/apador.org\/en\/ministerul-sanatatii-obligat-de-instanta-sa-raspunda-la-intrebarile-apador-ch-privind-actiunile-de-dupa-colectiv\/\" class=\"more-link\">Read more<span class=\"more-link-arrow\"><\/span><\/a><\/div><\/div><\/div><footer class=\"entry-footer\"><\/footer><span class='hidden'>\n\t\t\t\t<span class='av-structured-data'  itemprop=\"image\" itemscope=\"itemscope\" itemtype=\"https:\/\/schema.org\/ImageObject\" >\n\t\t\t\t\t\t<span itemprop='url'>https:\/\/apador.org\/wp-content\/uploads\/2015\/11\/raniti-colectiv.jpg<\/span>\n\t\t\t\t\t\t<span itemprop='height'>336<\/span>\n\t\t\t\t\t\t<span itemprop='width'>634<\/span>\n\t\t\t\t<\/span>\n\t\t\t\t<span class='av-structured-data'  itemprop=\"publisher\" itemtype=\"https:\/\/schema.org\/Organization\" itemscope=\"itemscope\" >\n\t\t\t\t\t\t<span itemprop='name'>Rasista<\/span>\n\t\t\t\t\t\t<span itemprop='logo' itemscope itemtype='https:\/\/schema.org\/ImageObject'>\n\t\t\t\t\t\t\t<span itemprop='url'>https:\/\/apador.org\/wp-content\/uploads\/2020\/09\/apador-logo-tmp-300x159.png<\/span>\n\t\t\t\t\t\t <\/span>\n\t\t\t\t<\/span><span class='av-structured-data'  itemprop=\"author\" itemscope=\"itemscope\" itemtype=\"https:\/\/schema.org\/Person\" ><span itemprop='name'>Rasista<\/span><\/span><span class='av-structured-data'  itemprop=\"datePublished\" datetime=\"2020-08-05T15:23:16+00:00\" >2016-03-23 12:13:06<\/span><span class='av-structured-data'  itemprop=\"dateModified\" itemtype=\"https:\/\/schema.org\/dateModified\" >2020-08-06 11:57:13<\/span><span class='av-structured-data'  itemprop=\"mainEntityOfPage\" itemtype=\"https:\/\/schema.org\/mainEntityOfPage\" ><span itemprop='name'>Ministerul S\u0103n\u0103t\u0103\u021bii, obligat de instan\u021b\u0103 s\u0103 r\u0103spund\u0103 la \u00eentreb\u0103rile APADOR-CH privind ac\u021biunile de dup\u0103 Colectiv<\/span><\/span><\/span><\/article><\/div><div class='slide-entry-wrap'><article class='slide-entry flex_column  post-entry post-entry-4675 slide-entry-overview slide-loop-7 slide-parity-odd  av_one_third first real-thumbnail post-format-standard'  itemscope=\"itemscope\" itemtype=\"https:\/\/schema.org\/CreativeWork\" ><a href='https:\/\/apador.org\/en\/jandarmeria-pierde-definitiv-procesul-cu-biciclistii\/' data-rel='slide-1' class='slide-image' title='Jandarmeria pierde definitiv procesul cu bicicli\u0219tii'><img loading=\"lazy\" decoding=\"async\" width=\"495\" height=\"360\" src=\"https:\/\/apador.org\/wp-content\/uploads\/2015\/11\/adunare-publica-495x360.jpg\" class=\"attachment-portfolio size-portfolio wp-post-image\" alt=\"\" \/><\/a><div class='slide-content'><header class=\"entry-content-header\"><h3 class='slide-entry-title entry-title '  itemprop=\"headline\" ><a href='https:\/\/apador.org\/en\/jandarmeria-pierde-definitiv-procesul-cu-biciclistii\/' title='Jandarmeria pierde definitiv procesul cu bicicli\u0219tii'>Jandarmeria pierde definitiv procesul cu bicicli\u0219tii<\/a><\/h3><span class=\"av-vertical-delimiter\"><\/span><\/header><div class='slide-meta'><time class='slide-meta-time updated'  itemprop=\"datePublished\" datetime=\"2015-11-26T16:58:58+00:00\" >26\/11\/2015<\/time><\/div><div class='slide-entry-excerpt entry-content'  itemprop=\"text\" >Instan\u021ba a anulat amenda aplicat\u0103 lui Marian Ivan, pe motiv c\u0103 protestul fusese declarat la Prim\u0103rie, iar \u00een Rom\u00e2nia nu exist\u0103 nicio lege care s\u0103 oblige protestatarii s\u0103-\u0219i anun\u021be inten\u021biile \u0219i la Jandarmerie<div class=\"read-more-link\"><a href=\"https:\/\/apador.org\/en\/jandarmeria-pierde-definitiv-procesul-cu-biciclistii\/\" class=\"more-link\">Read more<span class=\"more-link-arrow\"><\/span><\/a><\/div><\/div><\/div><footer class=\"entry-footer\"><\/footer><span class='hidden'>\n\t\t\t\t<span class='av-structured-data'  itemprop=\"image\" itemscope=\"itemscope\" itemtype=\"https:\/\/schema.org\/ImageObject\" >\n\t\t\t\t\t\t<span itemprop='url'>https:\/\/apador.org\/wp-content\/uploads\/2015\/11\/adunare-publica.jpg<\/span>\n\t\t\t\t\t\t<span itemprop='height'>360<\/span>\n\t\t\t\t\t\t<span itemprop='width'>650<\/span>\n\t\t\t\t<\/span>\n\t\t\t\t<span class='av-structured-data'  itemprop=\"publisher\" itemtype=\"https:\/\/schema.org\/Organization\" itemscope=\"itemscope\" >\n\t\t\t\t\t\t<span itemprop='name'>Rasista<\/span>\n\t\t\t\t\t\t<span itemprop='logo' itemscope itemtype='https:\/\/schema.org\/ImageObject'>\n\t\t\t\t\t\t\t<span itemprop='url'>https:\/\/apador.org\/wp-content\/uploads\/2020\/09\/apador-logo-tmp-300x159.png<\/span>\n\t\t\t\t\t\t <\/span>\n\t\t\t\t<\/span><span class='av-structured-data'  itemprop=\"author\" itemscope=\"itemscope\" itemtype=\"https:\/\/schema.org\/Person\" ><span itemprop='name'>Rasista<\/span><\/span><span class='av-structured-data'  itemprop=\"datePublished\" datetime=\"2020-08-05T15:23:16+00:00\" >2015-11-26 16:58:58<\/span><span class='av-structured-data'  itemprop=\"dateModified\" itemtype=\"https:\/\/schema.org\/dateModified\" >2020-08-06 11:54:41<\/span><span class='av-structured-data'  itemprop=\"mainEntityOfPage\" itemtype=\"https:\/\/schema.org\/mainEntityOfPage\" ><span itemprop='name'>Jandarmeria pierde definitiv procesul cu bicicli\u0219tii<\/span><\/span><\/span><\/article><article class='slide-entry flex_column  post-entry post-entry-1065 slide-entry-overview slide-loop-8 slide-parity-even  av_one_third  fake-thumbnail post-format-standard'  itemscope=\"itemscope\" itemtype=\"https:\/\/schema.org\/CreativeWork\" ><a href='https:\/\/apador.org\/en\/stenogramele-sedintelo\/' data-rel='slide-1' class='slide-image' title='Stenogramele sedintelor de guvern'><span class=' fallback-post-type-icon' aria-hidden='true' data-av_icon='\ue836' data-av_iconfont='entypo-fontello'><\/span><span class='slider-fallback-image'><img loading=\"lazy\" decoding=\"async\" width=\"495\" height=\"360\" src=\"https:\/\/apador.org\/wp-content\/uploads\/2015\/11\/adunare-publica-495x360.jpg\" class=\"attachment-portfolio size-portfolio wp-post-image\" alt=\"\" \/><\/span><\/a><div class='slide-content'><header class=\"entry-content-header\"><h3 class='slide-entry-title entry-title '  itemprop=\"headline\" ><a href='https:\/\/apador.org\/en\/stenogramele-sedintelo\/' title='Stenogramele sedintelor de guvern'>Stenogramele sedintelor de guvern<\/a><\/h3><span class=\"av-vertical-delimiter\"><\/span><\/header><div class='slide-meta'><time class='slide-meta-time updated'  itemprop=\"datePublished\" datetime=\"2005-07-13T11:21:53+00:00\" >13\/07\/2005<\/time><\/div><div class='slide-entry-excerpt entry-content'  itemprop=\"text\" >Sorry, this entry is only available in Rom\u00e2n\u0103. For the sake\u2026<div class=\"read-more-link\"><a href=\"https:\/\/apador.org\/en\/stenogramele-sedintelo\/\" class=\"more-link\">Read more<span class=\"more-link-arrow\"><\/span><\/a><\/div><\/div><\/div><footer class=\"entry-footer\"><\/footer><span class='hidden'>\n\t\t\t\t<span class='av-structured-data'  itemprop=\"image\" itemscope=\"itemscope\" itemtype=\"https:\/\/schema.org\/ImageObject\" >\n\t\t\t\t\t\t<span itemprop='url'>https:\/\/apador.org\/wp-content\/uploads\/2020\/09\/apador-logo-tmp-300x159.png<\/span>\n\t\t\t\t\t\t<span itemprop='height'>0<\/span>\n\t\t\t\t\t\t<span itemprop='width'>0<\/span>\n\t\t\t\t<\/span>\n\t\t\t\t<span class='av-structured-data'  itemprop=\"publisher\" itemtype=\"https:\/\/schema.org\/Organization\" itemscope=\"itemscope\" >\n\t\t\t\t\t\t<span itemprop='name'>Rasista<\/span>\n\t\t\t\t\t\t<span itemprop='logo' itemscope itemtype='https:\/\/schema.org\/ImageObject'>\n\t\t\t\t\t\t\t<span itemprop='url'>https:\/\/apador.org\/wp-content\/uploads\/2020\/09\/apador-logo-tmp-300x159.png<\/span>\n\t\t\t\t\t\t <\/span>\n\t\t\t\t<\/span><span class='av-structured-data'  itemprop=\"author\" itemscope=\"itemscope\" itemtype=\"https:\/\/schema.org\/Person\" ><span itemprop='name'>Rasista<\/span><\/span><span class='av-structured-data'  itemprop=\"datePublished\" datetime=\"2020-08-05T15:23:16+00:00\" >2005-07-13 11:21:53<\/span><span class='av-structured-data'  itemprop=\"dateModified\" itemtype=\"https:\/\/schema.org\/dateModified\" >2020-08-05 14:49:16<\/span><span class='av-structured-data'  itemprop=\"mainEntityOfPage\" itemtype=\"https:\/\/schema.org\/mainEntityOfPage\" ><span itemprop='name'>Stenogramele sedintelor de guvern<\/span><\/span><\/span><\/article><article class='slide-entry flex_column  post-entry post-entry-1095 slide-entry-overview slide-loop-9 slide-parity-odd  post-entry-last  av_one_third  fake-thumbnail post-format-standard'  itemscope=\"itemscope\" itemtype=\"https:\/\/schema.org\/CreativeWork\" ><a href='https:\/\/apador.org\/en\/informatii-statistice-legate-de-numarul-reclamatilorplangerilorsesizarilor-primite\/' data-rel='slide-1' class='slide-image' title='Informa\u0163ii legate de contractele \u00eencheiate, \u00een perioada 1.01.2000-1.06.2005, av\u00e2nd ca obiect construirea, reabilitarea \u015fi \u00eentre\u0163inrea drumurilor publice din Bucure\u015fti'><span class=' fallback-post-type-icon' aria-hidden='true' data-av_icon='\ue836' data-av_iconfont='entypo-fontello'><\/span><span class='slider-fallback-image'><img loading=\"lazy\" decoding=\"async\" width=\"495\" height=\"360\" src=\"https:\/\/apador.org\/wp-content\/uploads\/2015\/11\/adunare-publica-495x360.jpg\" class=\"attachment-portfolio size-portfolio wp-post-image\" alt=\"\" \/><\/span><\/a><div class='slide-content'><header class=\"entry-content-header\"><h3 class='slide-entry-title entry-title '  itemprop=\"headline\" ><a href='https:\/\/apador.org\/en\/informatii-statistice-legate-de-numarul-reclamatilorplangerilorsesizarilor-primite\/' title='Informa\u0163ii legate de contractele \u00eencheiate, \u00een perioada 1.01.2000-1.06.2005, av\u00e2nd ca obiect construirea, reabilitarea \u015fi \u00eentre\u0163inrea drumurilor publice din Bucure\u015fti'>Informa\u0163ii legate de contractele \u00eencheiate, \u00een perioada 1.01.2000-1.06.2005, av\u00e2nd ca obiect construirea, reabilitarea \u015fi \u00eentre\u0163inrea drumurilor publice din Bucure\u015fti<\/a><\/h3><span class=\"av-vertical-delimiter\"><\/span><\/header><div class='slide-meta'><time class='slide-meta-time updated'  itemprop=\"datePublished\" datetime=\"2005-06-24T15:05:45+00:00\" >24\/06\/2005<\/time><\/div><div class='slide-entry-excerpt entry-content'  itemprop=\"text\" >Sorry, this entry is only available in Rom\u00e2n\u0103. For the sake\u2026<div class=\"read-more-link\"><a href=\"https:\/\/apador.org\/en\/informatii-statistice-legate-de-numarul-reclamatilorplangerilorsesizarilor-primite\/\" class=\"more-link\">Read more<span class=\"more-link-arrow\"><\/span><\/a><\/div><\/div><\/div><footer class=\"entry-footer\"><\/footer><span class='hidden'>\n\t\t\t\t<span class='av-structured-data'  itemprop=\"image\" itemscope=\"itemscope\" itemtype=\"https:\/\/schema.org\/ImageObject\" >\n\t\t\t\t\t\t<span itemprop='url'>https:\/\/apador.org\/wp-content\/uploads\/2020\/09\/apador-logo-tmp-300x159.png<\/span>\n\t\t\t\t\t\t<span itemprop='height'>0<\/span>\n\t\t\t\t\t\t<span itemprop='width'>0<\/span>\n\t\t\t\t<\/span>\n\t\t\t\t<span class='av-structured-data'  itemprop=\"publisher\" itemtype=\"https:\/\/schema.org\/Organization\" itemscope=\"itemscope\" >\n\t\t\t\t\t\t<span itemprop='name'>Rasista<\/span>\n\t\t\t\t\t\t<span itemprop='logo' itemscope itemtype='https:\/\/schema.org\/ImageObject'>\n\t\t\t\t\t\t\t<span itemprop='url'>https:\/\/apador.org\/wp-content\/uploads\/2020\/09\/apador-logo-tmp-300x159.png<\/span>\n\t\t\t\t\t\t <\/span>\n\t\t\t\t<\/span><span class='av-structured-data'  itemprop=\"author\" itemscope=\"itemscope\" itemtype=\"https:\/\/schema.org\/Person\" ><span itemprop='name'>Rasista<\/span><\/span><span class='av-structured-data'  itemprop=\"datePublished\" datetime=\"2020-08-05T15:23:16+00:00\" >2005-06-24 15:05:45<\/span><span class='av-structured-data'  itemprop=\"dateModified\" itemtype=\"https:\/\/schema.org\/dateModified\" >2020-08-05 14:49:39<\/span><span class='av-structured-data'  itemprop=\"mainEntityOfPage\" itemtype=\"https:\/\/schema.org\/mainEntityOfPage\" ><span itemprop='name'>Informa\u0163ii legate de contractele \u00eencheiate, \u00een perioada 1.01.2000-1.06.2005, av\u00e2nd ca obiect construirea, reabilitarea \u015fi \u00eentre\u0163inrea drumurilor publice din Bucure\u015fti<\/span><\/span><\/span><\/article><\/div><\/div><div class='pagination-wrap pagination-slider'><nav class='pagination'><span class='pagination-meta'>Page 1 of 2<\/span><span class='current'>1<\/span><a href='https:\/\/apador.org\/en\/wp-json\/wp\/v2\/pages\/8038\/page\/2\/' class='inactive next_page' >2<\/a><\/nav>\n<\/div><\/div><\/div>","protected":false},"excerpt":{"rendered":"<p>Sorry, this entry is only available in Rom\u00e2n\u0103. For the sake of viewer convenience, the content is shown below in the alternative language. You may click the link to switch the active language.<\/p>\n","protected":false},"author":2,"featured_media":0,"parent":0,"menu_order":0,"comment_status":"closed","ping_status":"closed","template":"","meta":{"footnotes":""},"class_list":["post-8038","page","type-page","status-publish","hentry"],"_links":{"self":[{"href":"https:\/\/apador.org\/en\/wp-json\/wp\/v2\/pages\/8038","targetHints":{"allow":["GET"]}}],"collection":[{"href":"https:\/\/apador.org\/en\/wp-json\/wp\/v2\/pages"}],"about":[{"href":"https:\/\/apador.org\/en\/wp-json\/wp\/v2\/types\/page"}],"author":[{"embeddable":true,"href":"https:\/\/apador.org\/en\/wp-json\/wp\/v2\/users\/2"}],"replies":[{"embeddable":true,"href":"https:\/\/apador.org\/en\/wp-json\/wp\/v2\/comments?post=8038"}],"version-history":[{"count":0,"href":"https:\/\/apador.org\/en\/wp-json\/wp\/v2\/pages\/8038\/revisions"}],"wp:attachment":[{"href":"https:\/\/apador.org\/en\/wp-json\/wp\/v2\/media?parent=8038"}],"curies":[{"name":"wp","href":"https:\/\/api.w.org\/{rel}","templated":true}]}}