{"id":8040,"date":"2020-08-05T15:26:25","date_gmt":"2020-08-05T13:26:25","guid":{"rendered":"https:\/\/beta.apador.org\/?page_id=8040"},"modified":"2020-08-06T13:02:13","modified_gmt":"2020-08-06T11:02:13","slug":"buna-guvernare","status":"publish","type":"page","link":"https:\/\/apador.org\/en\/buna-guvernare\/","title":{"rendered":"Bun\u0103 Guvernare"},"content":{"rendered":"<p class=\"qtranxs-available-languages-message qtranxs-available-languages-message-en\">Sorry, this entry is only available in <a href=\"https:\/\/apador.org\/ro\/wp-json\/wp\/v2\/pages\/8040\" class=\"qtranxs-available-language-link qtranxs-available-language-link-ro\" title=\"Rom\u00e2n\u0103\">Rom\u00e2n\u0103<\/a>. For the sake of viewer convenience, the content is shown below in the alternative language. You may click the link to switch the active language.<\/p><section class=\"av_textblock_section \"  itemscope=\"itemscope\" itemtype=\"https:\/\/schema.org\/CreativeWork\" ><div class='avia_textblock  '   itemprop=\"text\" ><h3>Articole, comentarii, informa\u021bii despre demersuri f\u0103cute de APADOR-CH pentru promovarea transparen\u021bei institu\u021bionale \u0219i a bunei guvern\u0103ri<\/h3>\n<\/div><\/section>\n<div class=\"flex_column av_one_full  flex_column_div av-zero-column-padding first  avia-builder-el-1  el_after_av_textblock  avia-builder-el-last  column-top-margin\" style='border-radius:0px; '><div   data-autoplay=''  data-interval='5'  data-animation='fade'  data-show_slide_delay='90'  class='avia-content-slider avia-content-grid-active avia-content-slider1 avia-content-slider-odd  avia-builder-el-2  avia-builder-el-no-sibling  '  itemscope=\"itemscope\" itemtype=\"https:\/\/schema.org\/Blog\" ><div class='avia-content-slider-inner'><div class='slide-entry-wrap'><article class='slide-entry flex_column  post-entry post-entry-12088 slide-entry-overview slide-loop-1 slide-parity-odd  av_one_third first real-thumbnail post-format-standard'  itemscope=\"itemscope\" itemtype=\"https:\/\/schema.org\/CreativeWork\" ><a href='https:\/\/apador.org\/en\/vaccinarea-anti-covid-se-intoarce-si-ne-inteapa-pe-toti\/' data-rel='slide-1' class='slide-image' title='Vaccinarea anti-COVID se \u00eentoarce \u0219i ne \u00een\u021beap\u0103 pe to\u021bi'><img loading=\"lazy\" decoding=\"async\" width=\"495\" height=\"400\" src=\"https:\/\/apador.org\/wp-content\/uploads\/2026\/04\/600-milioane-495x400.png\" class=\"attachment-portfolio size-portfolio wp-post-image\" alt=\"\" srcset=\"https:\/\/apador.org\/wp-content\/uploads\/2026\/04\/600-milioane-495x400.png 495w, https:\/\/apador.org\/wp-content\/uploads\/2026\/04\/600-milioane-845x684.png 845w\" sizes=\"auto, (max-width: 495px) 100vw, 495px\" \/><\/a><div class='slide-content'><header class=\"entry-content-header\"><h3 class='slide-entry-title entry-title '  itemprop=\"headline\" ><a href='https:\/\/apador.org\/en\/vaccinarea-anti-covid-se-intoarce-si-ne-inteapa-pe-toti\/' title='Vaccinarea anti-COVID se \u00eentoarce \u0219i ne \u00een\u021beap\u0103 pe to\u021bi'>Vaccinarea anti-COVID se \u00eentoarce \u0219i ne \u00een\u021beap\u0103 pe to\u021bi<\/a><\/h3><span class=\"av-vertical-delimiter\"><\/span><\/header><div class='slide-meta'><time class='slide-meta-time updated'  itemprop=\"datePublished\" datetime=\"2026-04-09T08:56:37+00:00\" >09\/04\/2026<\/time><\/div><div class='slide-entry-excerpt entry-content'  itemprop=\"text\" >C\u00e2nd nota de plat\u0103 pentru lipsa de transparen\u021b\u0103 se pl\u0103te\u0219te cu dob\u00e2nd\u0103, iar politicienii care au gre\u0219it refuz\u0103 s\u0103-\u0219i asume vreo vin\u0103. Unii tac nederanja\u021bi, iar al\u021bii, dimpotriv\u0103, pozeaz\u0103 ipocrit \u00een victime - a\u0219a arat\u0103 cea mai scump\u0103 lec\u021bie despre Legea 544\/2001 care li se pred\u0103 azi rom\u00e2nilor<\/div><\/div><footer class=\"entry-footer\"><\/footer><span class='hidden'>\n\t\t\t\t<span class='av-structured-data'  itemprop=\"image\" itemscope=\"itemscope\" itemtype=\"https:\/\/schema.org\/ImageObject\" >\n\t\t\t\t\t\t<span itemprop='url'>https:\/\/apador.org\/wp-content\/uploads\/2026\/04\/600-milioane.png<\/span>\n\t\t\t\t\t\t<span itemprop='height'>1254<\/span>\n\t\t\t\t\t\t<span itemprop='width'>1254<\/span>\n\t\t\t\t<\/span>\n\t\t\t\t<span class='av-structured-data'  itemprop=\"publisher\" itemtype=\"https:\/\/schema.org\/Organization\" itemscope=\"itemscope\" >\n\t\t\t\t\t\t<span itemprop='name'>Rasista<\/span>\n\t\t\t\t\t\t<span itemprop='logo' itemscope itemtype='https:\/\/schema.org\/ImageObject'>\n\t\t\t\t\t\t\t<span itemprop='url'>https:\/\/apador.org\/wp-content\/uploads\/2020\/09\/apador-logo-tmp-300x159.png<\/span>\n\t\t\t\t\t\t <\/span>\n\t\t\t\t<\/span><span class='av-structured-data'  itemprop=\"author\" itemscope=\"itemscope\" itemtype=\"https:\/\/schema.org\/Person\" ><span itemprop='name'>Rasista<\/span><\/span><span class='av-structured-data'  itemprop=\"datePublished\" datetime=\"2020-08-05T15:26:25+00:00\" >2026-04-09 08:56:37<\/span><span class='av-structured-data'  itemprop=\"dateModified\" itemtype=\"https:\/\/schema.org\/dateModified\" >2026-04-09 12:10:02<\/span><span class='av-structured-data'  itemprop=\"mainEntityOfPage\" itemtype=\"https:\/\/schema.org\/mainEntityOfPage\" ><span itemprop='name'>Vaccinarea anti-COVID se \u00eentoarce \u0219i ne \u00een\u021beap\u0103 pe to\u021bi<\/span><\/span><\/span><\/article><article class='slide-entry flex_column  post-entry post-entry-12079 slide-entry-overview slide-loop-2 slide-parity-even  av_one_third  real-thumbnail post-format-standard'  itemscope=\"itemscope\" itemtype=\"https:\/\/schema.org\/CreativeWork\" ><a href='https:\/\/apador.org\/en\/ce-vrem-de-la-viitoarea-lege-anti-slapp-sa-si-muste-nu-doar-sa-latre\/' data-rel='slide-1' class='slide-image' title='Ce vrem de la viitoarea Lege Anti SLAPP: s\u0103 \u0219i mu\u0219te, nu doar s\u0103 latre'><img loading=\"lazy\" decoding=\"async\" width=\"495\" height=\"400\" src=\"https:\/\/apador.org\/wp-content\/uploads\/2024\/11\/anti-slapp-495x400.png\" class=\"attachment-portfolio size-portfolio wp-post-image\" alt=\"\" \/><\/a><div class='slide-content'><header class=\"entry-content-header\"><h3 class='slide-entry-title entry-title '  itemprop=\"headline\" ><a href='https:\/\/apador.org\/en\/ce-vrem-de-la-viitoarea-lege-anti-slapp-sa-si-muste-nu-doar-sa-latre\/' title='Ce vrem de la viitoarea Lege Anti SLAPP: s\u0103 \u0219i mu\u0219te, nu doar s\u0103 latre'>Ce vrem de la viitoarea Lege Anti SLAPP: s\u0103 \u0219i mu\u0219te, nu doar s\u0103 latre<\/a><\/h3><span class=\"av-vertical-delimiter\"><\/span><\/header><div class='slide-meta'><time class='slide-meta-time updated'  itemprop=\"datePublished\" datetime=\"2026-04-07T13:12:45+00:00\" >07\/04\/2026<\/time><\/div><div class='slide-entry-excerpt entry-content'  itemprop=\"text\" >Am trimis la Parlament mai multe amendamente care ar proteja cu adev\u0103rat vocile critice din societate \u0219i ar descuraja companiile \u0219i politicienii care abuzeaz\u0103 de puterile lor \u0219i de justi\u021bie; Unii parlamentari NU sunt \u00eenc\u00e2nta\u021bi de idee<\/div><\/div><footer class=\"entry-footer\"><\/footer><span class='hidden'>\n\t\t\t\t<span class='av-structured-data'  itemprop=\"image\" itemscope=\"itemscope\" itemtype=\"https:\/\/schema.org\/ImageObject\" >\n\t\t\t\t\t\t<span itemprop='url'>https:\/\/apador.org\/wp-content\/uploads\/2024\/11\/anti-slapp.png<\/span>\n\t\t\t\t\t\t<span itemprop='height'>600<\/span>\n\t\t\t\t\t\t<span itemprop='width'>1200<\/span>\n\t\t\t\t<\/span>\n\t\t\t\t<span class='av-structured-data'  itemprop=\"publisher\" itemtype=\"https:\/\/schema.org\/Organization\" itemscope=\"itemscope\" >\n\t\t\t\t\t\t<span itemprop='name'>Rasista<\/span>\n\t\t\t\t\t\t<span itemprop='logo' itemscope itemtype='https:\/\/schema.org\/ImageObject'>\n\t\t\t\t\t\t\t<span itemprop='url'>https:\/\/apador.org\/wp-content\/uploads\/2020\/09\/apador-logo-tmp-300x159.png<\/span>\n\t\t\t\t\t\t <\/span>\n\t\t\t\t<\/span><span class='av-structured-data'  itemprop=\"author\" itemscope=\"itemscope\" itemtype=\"https:\/\/schema.org\/Person\" ><span itemprop='name'>Rasista<\/span><\/span><span class='av-structured-data'  itemprop=\"datePublished\" datetime=\"2020-08-05T15:26:25+00:00\" >2026-04-07 13:12:45<\/span><span class='av-structured-data'  itemprop=\"dateModified\" itemtype=\"https:\/\/schema.org\/dateModified\" >2026-04-07 13:12:45<\/span><span class='av-structured-data'  itemprop=\"mainEntityOfPage\" itemtype=\"https:\/\/schema.org\/mainEntityOfPage\" ><span itemprop='name'>Ce vrem de la viitoarea Lege Anti SLAPP: s\u0103 \u0219i mu\u0219te, nu doar s\u0103 latre<\/span><\/span><\/span><\/article><article class='slide-entry flex_column  post-entry post-entry-12077 slide-entry-overview slide-loop-3 slide-parity-odd  av_one_third  real-thumbnail post-format-standard'  itemscope=\"itemscope\" itemtype=\"https:\/\/schema.org\/CreativeWork\" ><a href='https:\/\/apador.org\/en\/premierul-promite-transparenta-la-tv-guvernul-o-refuza-in-instanta\/' data-rel='slide-1' class='slide-image' title='Premierul promite transparen\u021b\u0103 la TV, Guvernul o refuz\u0103 \u00een instan\u021b\u0103'><img loading=\"lazy\" decoding=\"async\" width=\"495\" height=\"400\" src=\"https:\/\/apador.org\/wp-content\/uploads\/2025\/08\/transparenta-ajutoare-495x400.jpg\" class=\"attachment-portfolio size-portfolio wp-post-image\" alt=\"\" \/><\/a><div class='slide-content'><header class=\"entry-content-header\"><h3 class='slide-entry-title entry-title '  itemprop=\"headline\" ><a href='https:\/\/apador.org\/en\/premierul-promite-transparenta-la-tv-guvernul-o-refuza-in-instanta\/' title='Premierul promite transparen\u021b\u0103 la TV, Guvernul o refuz\u0103 \u00een instan\u021b\u0103'>Premierul promite transparen\u021b\u0103 la TV, Guvernul o refuz\u0103 \u00een instan\u021b\u0103<\/a><\/h3><span class=\"av-vertical-delimiter\"><\/span><\/header><div class='slide-meta'><time class='slide-meta-time updated'  itemprop=\"datePublished\" datetime=\"2026-04-06T08:11:09+00:00\" >06\/04\/2026<\/time><\/div><div class='slide-entry-excerpt entry-content'  itemprop=\"text\" >Dup\u0103 ce l-am dat \u00een judecat\u0103, premierul Ilie Bolojan a promis \u00een pres\u0103 c\u0103 va publica imediat tot ajutorul dat Ucrainei. Contrar acestei promisiuni publice, reprezentantul Guvernului \u00een acest proces, Secretariatul General al Guvernului, aflat \u00een subordinea prim-ministrului, a sus\u021binut contrariul la tribunal \u0219i nu a reu\u0219it nici m\u0103car s\u0103 explice de ce. Plus c\u0103 are impresia c\u0103 Guvernul NU poate fi dat \u00een judecat\u0103.<\/div><\/div><footer class=\"entry-footer\"><\/footer><span class='hidden'>\n\t\t\t\t<span class='av-structured-data'  itemprop=\"image\" itemscope=\"itemscope\" itemtype=\"https:\/\/schema.org\/ImageObject\" >\n\t\t\t\t\t\t<span itemprop='url'>https:\/\/apador.org\/wp-content\/uploads\/2025\/08\/transparenta-ajutoare.jpg<\/span>\n\t\t\t\t\t\t<span itemprop='height'>562<\/span>\n\t\t\t\t\t\t<span itemprop='width'>686<\/span>\n\t\t\t\t<\/span>\n\t\t\t\t<span class='av-structured-data'  itemprop=\"publisher\" itemtype=\"https:\/\/schema.org\/Organization\" itemscope=\"itemscope\" >\n\t\t\t\t\t\t<span itemprop='name'>Rasista<\/span>\n\t\t\t\t\t\t<span itemprop='logo' itemscope itemtype='https:\/\/schema.org\/ImageObject'>\n\t\t\t\t\t\t\t<span itemprop='url'>https:\/\/apador.org\/wp-content\/uploads\/2020\/09\/apador-logo-tmp-300x159.png<\/span>\n\t\t\t\t\t\t <\/span>\n\t\t\t\t<\/span><span class='av-structured-data'  itemprop=\"author\" itemscope=\"itemscope\" itemtype=\"https:\/\/schema.org\/Person\" ><span itemprop='name'>Rasista<\/span><\/span><span class='av-structured-data'  itemprop=\"datePublished\" datetime=\"2020-08-05T15:26:25+00:00\" >2026-04-06 08:11:09<\/span><span class='av-structured-data'  itemprop=\"dateModified\" itemtype=\"https:\/\/schema.org\/dateModified\" >2026-04-06 08:11:09<\/span><span class='av-structured-data'  itemprop=\"mainEntityOfPage\" itemtype=\"https:\/\/schema.org\/mainEntityOfPage\" ><span itemprop='name'>Premierul promite transparen\u021b\u0103 la TV, Guvernul o refuz\u0103 \u00een instan\u021b\u0103<\/span><\/span><\/span><\/article><\/div><div class='slide-entry-wrap'><article class='slide-entry flex_column  post-entry post-entry-12060 slide-entry-overview slide-loop-4 slide-parity-odd  av_one_third first real-thumbnail post-format-standard'  itemscope=\"itemscope\" itemtype=\"https:\/\/schema.org\/CreativeWork\" ><a href='https:\/\/apador.org\/en\/statul-de-drept-in-ue-continua-sa-se-deterioreze-la-fel-si-in-romania\/' data-rel='slide-1' class='slide-image' title='Statul de drept \u00een UE continu\u0103 s\u0103 se deterioreze, la fel \u0219i \u00een Rom\u00e2nia'><img loading=\"lazy\" decoding=\"async\" width=\"495\" height=\"228\" src=\"https:\/\/apador.org\/wp-content\/uploads\/2026\/03\/Mailjet_619x228px-495x228.png\" class=\"attachment-portfolio size-portfolio wp-post-image\" alt=\"\" \/><\/a><div class='slide-content'><header class=\"entry-content-header\"><h3 class='slide-entry-title entry-title '  itemprop=\"headline\" ><a href='https:\/\/apador.org\/en\/statul-de-drept-in-ue-continua-sa-se-deterioreze-la-fel-si-in-romania\/' title='Statul de drept \u00een UE continu\u0103 s\u0103 se deterioreze, la fel \u0219i \u00een Rom\u00e2nia'>Statul de drept \u00een UE continu\u0103 s\u0103 se deterioreze, la fel \u0219i \u00een Rom\u00e2nia<\/a><\/h3><span class=\"av-vertical-delimiter\"><\/span><\/header><div class='slide-meta'><time class='slide-meta-time updated'  itemprop=\"datePublished\" datetime=\"2026-03-30T04:00:50+00:00\" >30\/03\/2026<\/time><\/div><div class='slide-entry-excerpt entry-content'  itemprop=\"text\" >Raportul privind statul de drept \u00een UE 2025, elaborat de Liberties, arat\u0103 c\u0103 politicienilor europeni nu le mai e fric\u0103 nici m\u0103car de Comisia European\u0103<\/div><\/div><footer class=\"entry-footer\"><\/footer><span class='hidden'>\n\t\t\t\t<span class='av-structured-data'  itemprop=\"image\" itemscope=\"itemscope\" itemtype=\"https:\/\/schema.org\/ImageObject\" >\n\t\t\t\t\t\t<span itemprop='url'>https:\/\/apador.org\/wp-content\/uploads\/2026\/03\/Mailjet_619x228px.png<\/span>\n\t\t\t\t\t\t<span itemprop='height'>228<\/span>\n\t\t\t\t\t\t<span itemprop='width'>619<\/span>\n\t\t\t\t<\/span>\n\t\t\t\t<span class='av-structured-data'  itemprop=\"publisher\" itemtype=\"https:\/\/schema.org\/Organization\" itemscope=\"itemscope\" >\n\t\t\t\t\t\t<span itemprop='name'>Rasista<\/span>\n\t\t\t\t\t\t<span itemprop='logo' itemscope itemtype='https:\/\/schema.org\/ImageObject'>\n\t\t\t\t\t\t\t<span itemprop='url'>https:\/\/apador.org\/wp-content\/uploads\/2020\/09\/apador-logo-tmp-300x159.png<\/span>\n\t\t\t\t\t\t <\/span>\n\t\t\t\t<\/span><span class='av-structured-data'  itemprop=\"author\" itemscope=\"itemscope\" itemtype=\"https:\/\/schema.org\/Person\" ><span itemprop='name'>Rasista<\/span><\/span><span class='av-structured-data'  itemprop=\"datePublished\" datetime=\"2020-08-05T15:26:25+00:00\" >2026-03-30 04:00:50<\/span><span class='av-structured-data'  itemprop=\"dateModified\" itemtype=\"https:\/\/schema.org\/dateModified\" >2026-04-02 08:18:09<\/span><span class='av-structured-data'  itemprop=\"mainEntityOfPage\" itemtype=\"https:\/\/schema.org\/mainEntityOfPage\" ><span itemprop='name'>Statul de drept \u00een UE continu\u0103 s\u0103 se deterioreze, la fel \u0219i \u00een Rom\u00e2nia<\/span><\/span><\/span><\/article><article class='slide-entry flex_column  post-entry post-entry-12041 slide-entry-overview slide-loop-5 slide-parity-even  av_one_third  real-thumbnail post-format-standard'  itemscope=\"itemscope\" itemtype=\"https:\/\/schema.org\/CreativeWork\" ><a href='https:\/\/apador.org\/en\/cerem-un-referendum-pentru-umbrela-nucleara-frantuzeasca\/' data-rel='slide-1' class='slide-image' title='Cerem un referendum pentru \u201eumbrela nuclear\u0103\u201d fran\u021buzeasc\u0103'><img loading=\"lazy\" decoding=\"async\" width=\"495\" height=\"400\" src=\"https:\/\/apador.org\/wp-content\/uploads\/2026\/03\/nucleara-495x400.jpg\" class=\"attachment-portfolio size-portfolio wp-post-image\" alt=\"\" \/><\/a><div class='slide-content'><header class=\"entry-content-header\"><h3 class='slide-entry-title entry-title '  itemprop=\"headline\" ><a href='https:\/\/apador.org\/en\/cerem-un-referendum-pentru-umbrela-nucleara-frantuzeasca\/' title='Cerem un referendum pentru \u201eumbrela nuclear\u0103\u201d fran\u021buzeasc\u0103'>Cerem un referendum pentru \u201eumbrela nuclear\u0103\u201d fran\u021buzeasc\u0103<\/a><\/h3><span class=\"av-vertical-delimiter\"><\/span><\/header><div class='slide-meta'><time class='slide-meta-time updated'  itemprop=\"datePublished\" datetime=\"2026-03-05T10:53:12+00:00\" >05\/03\/2026<\/time><\/div><div class='slide-entry-excerpt entry-content'  itemprop=\"text\" >APADOR-CH \u00eei cere Pre\u0219edintelui Rom\u00e2niei s\u0103 clarifice chestiunea \u201eumbrelei nucleare\u201d oferite de Fran\u021ba \u0219i, \u00een cazul \u00een care asta \u00eenseamn\u0103 amplasarea sau sta\u021bionarea de arme nucleare pe teritoriul \u021b\u0103rii, s\u0103 organizeze un referendum na\u021bional.<\/div><\/div><footer class=\"entry-footer\"><\/footer><span class='hidden'>\n\t\t\t\t<span class='av-structured-data'  itemprop=\"image\" itemscope=\"itemscope\" itemtype=\"https:\/\/schema.org\/ImageObject\" >\n\t\t\t\t\t\t<span itemprop='url'>https:\/\/apador.org\/wp-content\/uploads\/2026\/03\/nucleara.jpg<\/span>\n\t\t\t\t\t\t<span itemprop='height'>667<\/span>\n\t\t\t\t\t\t<span itemprop='width'>1000<\/span>\n\t\t\t\t<\/span>\n\t\t\t\t<span class='av-structured-data'  itemprop=\"publisher\" itemtype=\"https:\/\/schema.org\/Organization\" itemscope=\"itemscope\" >\n\t\t\t\t\t\t<span itemprop='name'>Rasista<\/span>\n\t\t\t\t\t\t<span itemprop='logo' itemscope itemtype='https:\/\/schema.org\/ImageObject'>\n\t\t\t\t\t\t\t<span itemprop='url'>https:\/\/apador.org\/wp-content\/uploads\/2020\/09\/apador-logo-tmp-300x159.png<\/span>\n\t\t\t\t\t\t <\/span>\n\t\t\t\t<\/span><span class='av-structured-data'  itemprop=\"author\" itemscope=\"itemscope\" itemtype=\"https:\/\/schema.org\/Person\" ><span itemprop='name'>Rasista<\/span><\/span><span class='av-structured-data'  itemprop=\"datePublished\" datetime=\"2020-08-05T15:26:25+00:00\" >2026-03-05 10:53:12<\/span><span class='av-structured-data'  itemprop=\"dateModified\" itemtype=\"https:\/\/schema.org\/dateModified\" >2026-03-05 11:22:08<\/span><span class='av-structured-data'  itemprop=\"mainEntityOfPage\" itemtype=\"https:\/\/schema.org\/mainEntityOfPage\" ><span itemprop='name'>Cerem un referendum pentru \u201eumbrela nuclear\u0103\u201d fran\u021buzeasc\u0103<\/span><\/span><\/span><\/article><article class='slide-entry flex_column  post-entry post-entry-12022 slide-entry-overview slide-loop-6 slide-parity-odd  post-entry-last  av_one_third  real-thumbnail post-format-standard'  itemscope=\"itemscope\" itemtype=\"https:\/\/schema.org\/CreativeWork\" ><a href='https:\/\/apador.org\/en\/de-la-apador-ch-catre-ilie-bolojan-pentru-o-justitie-mai-justa\/' data-rel='slide-1' class='slide-image' title='De la APADOR-CH c\u0103tre Ilie Bolojan, pentru o justi\u021bie mai just\u0103'><img loading=\"lazy\" decoding=\"async\" width=\"495\" height=\"325\" src=\"https:\/\/apador.org\/wp-content\/uploads\/2026\/02\/draga-ilie-1-495x325.jpg\" class=\"attachment-portfolio size-portfolio wp-post-image\" alt=\"\" \/><\/a><div class='slide-content'><header class=\"entry-content-header\"><h3 class='slide-entry-title entry-title '  itemprop=\"headline\" ><a href='https:\/\/apador.org\/en\/de-la-apador-ch-catre-ilie-bolojan-pentru-o-justitie-mai-justa\/' title='De la APADOR-CH c\u0103tre Ilie Bolojan, pentru o justi\u021bie mai just\u0103'>De la APADOR-CH c\u0103tre Ilie Bolojan, pentru o justi\u021bie mai just\u0103<\/a><\/h3><span class=\"av-vertical-delimiter\"><\/span><\/header><div class='slide-meta'><time class='slide-meta-time updated'  itemprop=\"datePublished\" datetime=\"2026-02-19T12:56:56+00:00\" >19\/02\/2026<\/time><\/div><div class='slide-entry-excerpt entry-content'  itemprop=\"text\" >I-am trimis premierului o scrisoare cu dou\u0103 propuneri simple \u0219i clare: 1 - pentru o protec\u021bie mai bun\u0103 a magistra\u021bilor care reclam\u0103 nereguli \u00een sistem \u0219i 2 - pentru dreptul tuturor de a contesta deciziile CCR privind alegerile<\/div><\/div><footer class=\"entry-footer\"><\/footer><span class='hidden'>\n\t\t\t\t<span class='av-structured-data'  itemprop=\"image\" itemscope=\"itemscope\" itemtype=\"https:\/\/schema.org\/ImageObject\" >\n\t\t\t\t\t\t<span itemprop='url'>https:\/\/apador.org\/wp-content\/uploads\/2026\/02\/draga-ilie-1.jpg<\/span>\n\t\t\t\t\t\t<span itemprop='height'>325<\/span>\n\t\t\t\t\t\t<span itemprop='width'>512<\/span>\n\t\t\t\t<\/span>\n\t\t\t\t<span class='av-structured-data'  itemprop=\"publisher\" itemtype=\"https:\/\/schema.org\/Organization\" itemscope=\"itemscope\" >\n\t\t\t\t\t\t<span itemprop='name'>Rasista<\/span>\n\t\t\t\t\t\t<span itemprop='logo' itemscope itemtype='https:\/\/schema.org\/ImageObject'>\n\t\t\t\t\t\t\t<span itemprop='url'>https:\/\/apador.org\/wp-content\/uploads\/2020\/09\/apador-logo-tmp-300x159.png<\/span>\n\t\t\t\t\t\t <\/span>\n\t\t\t\t<\/span><span class='av-structured-data'  itemprop=\"author\" itemscope=\"itemscope\" itemtype=\"https:\/\/schema.org\/Person\" ><span itemprop='name'>Rasista<\/span><\/span><span class='av-structured-data'  itemprop=\"datePublished\" datetime=\"2020-08-05T15:26:25+00:00\" >2026-02-19 12:56:56<\/span><span class='av-structured-data'  itemprop=\"dateModified\" itemtype=\"https:\/\/schema.org\/dateModified\" >2026-02-19 12:56:56<\/span><span class='av-structured-data'  itemprop=\"mainEntityOfPage\" itemtype=\"https:\/\/schema.org\/mainEntityOfPage\" ><span itemprop='name'>De la APADOR-CH c\u0103tre Ilie Bolojan, pentru o justi\u021bie mai just\u0103<\/span><\/span><\/span><\/article><\/div><\/div><div class='pagination-wrap pagination-slider'><nav class='pagination'><span class='pagination-meta'>Page 1 of 51<\/span><span class='current'>1<\/span><a href='https:\/\/apador.org\/en\/wp-json\/wp\/v2\/pages\/8040\/page\/2\/' class='inactive next_page' >2<\/a><a href='https:\/\/apador.org\/en\/wp-json\/wp\/v2\/pages\/8040\/page\/3\/' class='inactive' >3<\/a><a href='https:\/\/apador.org\/en\/wp-json\/wp\/v2\/pages\/8040\/page\/2\/'>&rsaquo;<\/a><a href='https:\/\/apador.org\/en\/wp-json\/wp\/v2\/pages\/8040\/page\/51\/'>&raquo;<\/a><\/nav>\n<\/div><\/div><\/div>","protected":false},"excerpt":{"rendered":"<p>Sorry, this entry is only available in Rom\u00e2n\u0103. For the sake of viewer convenience, the content is shown below in the alternative language. You may click the link to switch the active language.<\/p>\n","protected":false},"author":2,"featured_media":0,"parent":0,"menu_order":0,"comment_status":"closed","ping_status":"closed","template":"","meta":{"footnotes":""},"class_list":["post-8040","page","type-page","status-publish","hentry"],"_links":{"self":[{"href":"https:\/\/apador.org\/en\/wp-json\/wp\/v2\/pages\/8040","targetHints":{"allow":["GET"]}}],"collection":[{"href":"https:\/\/apador.org\/en\/wp-json\/wp\/v2\/pages"}],"about":[{"href":"https:\/\/apador.org\/en\/wp-json\/wp\/v2\/types\/page"}],"author":[{"embeddable":true,"href":"https:\/\/apador.org\/en\/wp-json\/wp\/v2\/users\/2"}],"replies":[{"embeddable":true,"href":"https:\/\/apador.org\/en\/wp-json\/wp\/v2\/comments?post=8040"}],"version-history":[{"count":0,"href":"https:\/\/apador.org\/en\/wp-json\/wp\/v2\/pages\/8040\/revisions"}],"wp:attachment":[{"href":"https:\/\/apador.org\/en\/wp-json\/wp\/v2\/media?parent=8040"}],"curies":[{"name":"wp","href":"https:\/\/api.w.org\/{rel}","templated":true}]}}